{"id":1149,"date":"2022-03-22T16:07:03","date_gmt":"2022-03-22T19:07:03","guid":{"rendered":"https:\/\/faq.ren1000.norven.com.br\/index.php\/ufaq\/93-artigo-9-com-base-no-artigo-9-da-ren-1000-na-lei-geral-de-protecao-de-dados-podemos-restringir-registro-ou-respostas-de-reclamacao-ou-de-solicitacao-de-informacoes-ao-titular-ou-seu-representante\/"},"modified":"2022-03-23T10:20:36","modified_gmt":"2022-03-23T13:20:36","slug":"93","status":"publish","type":"ufaq","link":"https:\/\/faq.ren1000.norven.com.br\/index.php\/ufaq\/93\/","title":{"rendered":"Artigo 9 &#8211; Com base no artigo 9 da REN 1000 na Lei Geral de Prote\u00e7\u00e3o de Dados podemos restringir registro ou respostas de reclama\u00e7\u00e3o ou de solicita\u00e7\u00e3o de informa\u00e7\u00f5es ao titular ou seu representante devidamente cadastrado?"},"content":{"rendered":"<style>div.ewd-ufaq-faq-title h4 { font-size: 30 !important; }<\/style><div  class=\"ewd-ufaq-faq-list ewd-ufaq-page-type-distinct ewd-ufaq-category-tabs-\" id='ewd-ufaq-faq-list'>\n\n\t<input type='hidden' name='show_on_load' value='' id='ewd-ufaq-show-on-load' \/>\n<input type='hidden' name='include_category' value='' id='ewd-ufaq-include-category' \/>\n<input type='hidden' name='exclude_category' value='' id='ewd-ufaq-exclude-category' \/>\n<input type='hidden' name='orderby' value='title' id='ewd-ufaq-orderby' \/>\n<input type='hidden' name='order' value='asc' id='ewd-ufaq-order' \/>\n<input type='hidden' name='post_count' value='-1' id='ewd-ufaq-post-count' \/>\n<input type='hidden' name='current_url' value='\/index.php\/wp-json\/wp\/v2\/ufaq\/1149' id='ewd-ufaq-current-url' \/>\n\t\n\t\n\t<div class='ewd-ufaq-faqs'>\n\n\t\t<div  class=\"ewd-ufaq-faq-div ewd-ufaq-faq-column-count-one ewd-ufaq-faq-responsive-columns- ewd-ufaq-faq-display-style-default ewd-ufaq-can-be-toggled\" id='ewd-ufaq-post-1149-28NRcaKoQx' data-post_id='1149'>\n\n\t\t\n\t<div class='ewd-ufaq-faq-title ewd-ufaq-faq-toggle'>\n\t\n\t<a class='ewd-ufaq-post-margin'  href='#' role=\"button\">\n\n\t\t<div class='ewd-ufaq-post-margin-symbol ewd-ufaq-'>\n\t\t\t<span >A<\/span>\n\t\t<\/div>\n\n\t\t<div class='ewd-ufaq-faq-title-text'>\n\n\t\t\t<h4>\n\t\t\t\tArtigo 9 &#8211; Com base no artigo 9 da REN 1000 na Lei Geral de Prote\u00e7\u00e3o de Dados podemos restringir registro ou respostas de reclama\u00e7\u00e3o ou de solicita\u00e7\u00e3o de informa\u00e7\u00f5es ao titular ou seu representante devidamente cadastrado?\t\t\t<\/h4>\n\n\t\t<\/div>\n\n\t\t<div class='ewd-ufaq-clear'><\/div>\n\n\t<\/a>\n\t\n<\/div>\n\t\n\t<div class='ewd-ufaq-faq-body' >\n\n\t\t\n\t\t\t\n\t\t\n\t\t\t<div class='ewd-ufaq-post-margin ewd-ufaq-faq-post'>\n\t\n<h4 class=\"wp-block-heading\" id=\"quem-perguntou-enel\">Quem perguntou? <strong>ABRADEE<\/strong><\/h4>\n\n\n\n<h4 class=\"wp-block-heading\" id=\"resposta\">Resposta:<\/h4>\n\n\n\n<p class=\"wp-block-paragraph\">O art. 9\u00ba da REN 1000\/2021 estabelece que o relacionamento do consumidor e demais usu\u00e1rios com a distribuidora deve ser realizado pelo titular das instala\u00e7\u00f5es, por seu representante ou procurador.<br>Adicionalmente, o mesmo art. 9\u00ba prev\u00ea que no caso de unidade consumidora residencial, de titularidade de pessoa f\u00edsica, a distribuidora deve manter o relacionamento com o c\u00f4njuge ou companheiro do titular, cadastrado conforme informa\u00e7\u00e3o do consumidor, e se relacionar com outras pessoas que utilizem a unidade consumidora, observadas as condi\u00e7\u00f5es do inciso II.<br>O art. 9\u00ba se aplica para todas as situa\u00e7\u00f5es da REN 1000\/2021 em que for exig\u00edvel o relacionamento do consumidor com a distribuidora, a exemplo de uma resposta a uma reclama\u00e7\u00e3o. <br>O art. 9\u00ba da REN 1.000\/2021 n\u00e3o restringe o registro da reclama\u00e7\u00e3o ao titular de uma unidade consumidora, conforme expressamente previsto no \u00a72\u00ba.<\/p>\n\n\n\n<h4 class=\"wp-block-heading\" id=\"quem-respondeu-aneel\">Quem respondeu? <strong>ANEEL<\/strong><\/h4>\n<\/div>\n\t\t\n\t\t\t<div class='ewd-ufaq-author-date'>\n\n\tPostado\n\t\n\tem\n<span class='ewd-ufaq-date'>\n\t22\/03\/2022<\/span>\n<\/div>\n\t\t\n\t\t\t<div class='ewd-ufaq-faq-custom-fields'>\n\n\t\n<\/div>\n\t\t\n\t\t\t<div class='ewd-ufaq-faq-tags'>\n\t\n\tTags\t\n\t\n\t\tRELACIONAMENTO, \n\t\n\t\tTITULARIDADE\n\t\n<\/div>\n\t\t\n\t\t\t\n\t\t\n\t\t\t\n\t\t\n\t\t\t\n\t\t\n\t\t\t\t\t<li class=\"comment even thread-even depth-1 parent\" id=\"comment-18\">\n\t\t\t\t<div id=\"div-comment-18\" class=\"comment-body\">\n\t\t\t\t<div class=\"comment-author vcard\">\n\t\t\t<img alt='' src='https:\/\/secure.gravatar.com\/avatar\/f0388458734666f07b0daef28abf8d77c0db78ab6043b85bfa324a46cf5bc4a4?s=32&#038;d=mm&#038;r=g' srcset='https:\/\/secure.gravatar.com\/avatar\/f0388458734666f07b0daef28abf8d77c0db78ab6043b85bfa324a46cf5bc4a4?s=64&#038;d=mm&#038;r=g 2x' class='avatar avatar-32 photo' height='32' width='32' \/>\t\t\t<cite class=\"fn\">Ana Paula Cardoso<\/cite> <span class=\"says\">disse:<\/span>\t\t<\/div>\n\t\t\n\t\t<div class=\"comment-meta commentmetadata\">\n\t\t\t<a href=\"https:\/\/faq.ren1000.norven.com.br\/index.php\/ufaq\/93\/#comment-18\">05\/05\/2022 \u00e0s 17:13<\/a>\t\t<\/div>\n\n\t\t<p>O par\u00e1grafo 3 do artigo 9 diz que o consumidor pode a qualquer tempo cadastrar o c\u00f4njuge ou companheiro junto a distribuidora. Seria para sair o nome junto na fatura ou seria apenas para deixar junto ao cadastro?<\/p>\n\n\t\t<div class=\"reply\"><a rel=\"nofollow\" class=\"comment-reply-link\" href=\"#comment-18\" data-commentid=\"18\" data-postid=\"1149\" data-belowelement=\"div-comment-18\" data-respondelement=\"respond\" data-replyto=\"Responder para Ana Paula Cardoso\" aria-label=\"Responder para Ana Paula Cardoso\">Responder<\/a><\/div>\n\t\t\t\t<\/div>\n\t\t\t\t<ul class=\"children\">\n\t\t<li class=\"comment odd alt depth-2 parent\" id=\"comment-19\">\n\t\t\t\t<div id=\"div-comment-19\" class=\"comment-body\">\n\t\t\t\t<div class=\"comment-author vcard\">\n\t\t\t<img alt='' src='https:\/\/secure.gravatar.com\/avatar\/847dc2a9d76ac3f2e6e06d6c45922fd5d04524644ba14297c8ceacf0c48dc722?s=32&#038;d=mm&#038;r=g' srcset='https:\/\/secure.gravatar.com\/avatar\/847dc2a9d76ac3f2e6e06d6c45922fd5d04524644ba14297c8ceacf0c48dc722?s=64&#038;d=mm&#038;r=g 2x' class='avatar avatar-32 photo' height='32' width='32' \/>\t\t\t<cite class=\"fn\">Filipe Dias<\/cite> <span class=\"says\">disse:<\/span>\t\t<\/div>\n\t\t\n\t\t<div class=\"comment-meta commentmetadata\">\n\t\t\t<a href=\"https:\/\/faq.ren1000.norven.com.br\/index.php\/ufaq\/93\/#comment-19\">06\/05\/2022 \u00e0s 10:19<\/a>\t\t<\/div>\n\n\t\t<p>Para cadastro e &#8220;relacionamento com a distribuidora&#8221;. De acordo com a resposta da ANEEL, este relacionamento se aplica a todas as situa\u00e7\u00f5es da REN 1000.<br \/>\nA fatura continua sendo emitida apenas no nome do titular.<\/p>\n\n\t\t<div class=\"reply\"><a rel=\"nofollow\" class=\"comment-reply-link\" href=\"#comment-19\" data-commentid=\"19\" data-postid=\"1149\" data-belowelement=\"div-comment-19\" data-respondelement=\"respond\" data-replyto=\"Responder para Filipe Dias\" aria-label=\"Responder para Filipe Dias\">Responder<\/a><\/div>\n\t\t\t\t<\/div>\n\t\t\t\t<ul class=\"children\">\n\t\t<li class=\"comment even depth-3 parent\" id=\"comment-20\">\n\t\t\t\t<div id=\"div-comment-20\" class=\"comment-body\">\n\t\t\t\t<div class=\"comment-author vcard\">\n\t\t\t<img alt='' src='https:\/\/secure.gravatar.com\/avatar\/f0388458734666f07b0daef28abf8d77c0db78ab6043b85bfa324a46cf5bc4a4?s=32&#038;d=mm&#038;r=g' srcset='https:\/\/secure.gravatar.com\/avatar\/f0388458734666f07b0daef28abf8d77c0db78ab6043b85bfa324a46cf5bc4a4?s=64&#038;d=mm&#038;r=g 2x' class='avatar avatar-32 photo' height='32' width='32' \/>\t\t\t<cite class=\"fn\">Ana Paula Cardoso<\/cite> <span class=\"says\">disse:<\/span>\t\t<\/div>\n\t\t\n\t\t<div class=\"comment-meta commentmetadata\">\n\t\t\t<a href=\"https:\/\/faq.ren1000.norven.com.br\/index.php\/ufaq\/93\/#comment-20\">06\/05\/2022 \u00e0s 14:11<\/a>\t\t<\/div>\n\n\t\t<p>Diante da pergunta acima por mim proferida, o artigo 327 -I menciona a identifica\u00e7\u00e3o do consumidor e demais usu\u00e1rios. Por\u00e9m  o M\u00f3dulo 11 do Prodist al\u00ednea a do item 6, j\u00e1 n\u00e3o menciona demais usu\u00e1rios, e sim apenas no singular usu\u00e1rios.  Ou seja artigo 9 diz uma coisa,  artigo 327 outra e Prodist M\u00f3dulo 11 outra?<\/p>\n\n\t\t<div class=\"reply\"><a rel=\"nofollow\" class=\"comment-reply-link\" href=\"#comment-20\" data-commentid=\"20\" data-postid=\"1149\" data-belowelement=\"div-comment-20\" data-respondelement=\"respond\" data-replyto=\"Responder para Ana Paula Cardoso\" aria-label=\"Responder para Ana Paula Cardoso\">Responder<\/a><\/div>\n\t\t\t\t<\/div>\n\t\t\t\t<ul class=\"children\">\n\t\t<li class=\"comment odd alt depth-4\" id=\"comment-21\">\n\t\t\t\t<div id=\"div-comment-21\" class=\"comment-body\">\n\t\t\t\t<div class=\"comment-author vcard\">\n\t\t\t<img alt='' src='https:\/\/secure.gravatar.com\/avatar\/847dc2a9d76ac3f2e6e06d6c45922fd5d04524644ba14297c8ceacf0c48dc722?s=32&#038;d=mm&#038;r=g' srcset='https:\/\/secure.gravatar.com\/avatar\/847dc2a9d76ac3f2e6e06d6c45922fd5d04524644ba14297c8ceacf0c48dc722?s=64&#038;d=mm&#038;r=g 2x' class='avatar avatar-32 photo' height='32' width='32' \/>\t\t\t<cite class=\"fn\">Filipe Dias<\/cite> <span class=\"says\">disse:<\/span>\t\t<\/div>\n\t\t\n\t\t<div class=\"comment-meta commentmetadata\">\n\t\t\t<a href=\"https:\/\/faq.ren1000.norven.com.br\/index.php\/ufaq\/93\/#comment-21\">11\/05\/2022 \u00e0s 17:17<\/a>\t\t<\/div>\n\n\t\t<p>O termo &#8220;demais usu\u00e1rios&#8221; se refere a outros tipos de acessantes, conforme defini\u00e7\u00e3o no art. 2\u00ba:<br \/>\nLI &#8211; usu\u00e1rio: pessoa f\u00edsica ou jur\u00eddica que se beneficia ou utiliza, efetiva ou potencialmente, do servi\u00e7o p\u00fablico de distribui\u00e7\u00e3o de energia el\u00e9trica, a exemplo de consumidor, gerador, produtor independente, autoprodutor, outra distribuidora e agente importador ou exportador.<\/p>\n<p>Assim, n\u00e3o h\u00e1 incompatibilidade, o termo &#8220;consumidor e demais usu\u00e1rios&#8221; somente deixa claro que se aplica para todos os tipos de acessantes, n\u00e3o se refere ao c\u00f4njuge.<\/p>\n\n\t\t<div class=\"reply\"><a rel=\"nofollow\" class=\"comment-reply-link\" href=\"#comment-21\" data-commentid=\"21\" data-postid=\"1149\" data-belowelement=\"div-comment-21\" data-respondelement=\"respond\" data-replyto=\"Responder para Filipe Dias\" aria-label=\"Responder para Filipe Dias\">Responder<\/a><\/div>\n\t\t\t\t<\/div>\n\t\t\t\t<\/li><!-- #comment-## -->\n<\/ul><!-- .children -->\n<\/li><!-- #comment-## -->\n<\/ul><!-- .children -->\n<\/li><!-- #comment-## -->\n<\/ul><!-- .children -->\n<\/li><!-- #comment-## -->\n\t<div id=\"respond\" class=\"comment-respond\">\n\t\t<h3 id=\"reply-title\" class=\"comment-reply-title\">Deixe um coment\u00e1rio <small><a rel=\"nofollow\" id=\"cancel-comment-reply-link\" href=\"\/index.php\/wp-json\/wp\/v2\/ufaq\/1149#respond\" style=\"display:none;\">Cancelar resposta<\/a><\/small><\/h3><form action=\"https:\/\/faq.ren1000.norven.com.br\/wp-comments-post.php\" method=\"post\" id=\"commentform\" class=\"comment-form\"><p class=\"comment-notes\"><span id=\"email-notes\">O seu endere\u00e7o de e-mail n\u00e3o ser\u00e1 publicado.<\/span> <span class=\"required-field-message\">Campos obrigat\u00f3rios s\u00e3o marcados com <span class=\"required\">*<\/span><\/span><\/p><div class=\"row\"> <div class=\"col-md-4\"> <div class=\"form-group label-floating is-empty\"> <label class=\"control-label\">Nome <span class=\"required\">*<\/span><\/label><input id=\"author\" name=\"author\" class=\"form-control\" type=\"text\" aria-required='true' \/> <span class=\"hestia-input\"><\/span> <\/div> <\/div>\n<div class=\"col-md-4\"> <div class=\"form-group label-floating is-empty\"> <label class=\"control-label\">E-mail <span class=\"required\">*<\/span><\/label><input id=\"email\" name=\"email\" class=\"form-control\" type=\"email\" aria-required='true' \/> <span class=\"hestia-input\"><\/span> <\/div> <\/div>\n<div class=\"col-md-4\"> <div class=\"form-group label-floating is-empty\"> <label class=\"control-label\">Site<\/label><input id=\"url\" name=\"url\" class=\"form-control\" type=\"url\" aria-required='true' \/> <span class=\"hestia-input\"><\/span> <\/div> <\/div> <\/div>\n<p class=\"comment-form-comment\"><label for=\"comment\">Coment\u00e1rio <span class=\"required\">*<\/span><\/label> <textarea id=\"comment\" name=\"comment\" cols=\"45\" rows=\"8\" maxlength=\"65525\" required=\"required\"><\/textarea><\/p><p class=\"comment-form-cookies-consent\"><input id=\"wp-comment-cookies-consent\" name=\"wp-comment-cookies-consent\" type=\"checkbox\" value=\"yes\" \/> <label for=\"wp-comment-cookies-consent\">Salvar meus dados neste navegador para a pr\u00f3xima vez que eu comentar.<\/label><\/p>\n<p class=\"form-submit\"><input name=\"submit\" type=\"submit\" id=\"submit\" class=\"submit\" value=\"Publicar coment\u00e1rio\" \/> <input type='hidden' name='comment_post_ID' value='1149' id='comment_post_ID' \/>\n<input type='hidden' name='comment_parent' id='comment_parent' value='0' \/>\n<\/p><\/form>\t<\/div><!-- #respond -->\n\t\n\t\t\n\t\t\t\n\t\t\n\t<\/div>\n\n<\/div>\n\t<\/div>\n\n\t\n<\/div>","protected":false},"excerpt":{"rendered":"<p>A Artigo 9 &#8211; Com base no artigo 9 da REN 1000 na Lei Geral de Prote\u00e7\u00e3o de Dados podemos restringir registro ou respostas de reclama\u00e7\u00e3o ou de solicita\u00e7\u00e3o de informa\u00e7\u00f5es ao titular ou seu representante devidamente cadastrado? Quem perguntou? ABRADEE Resposta: O art. 9\u00ba da REN 1000\/2021 estabelece que [&hellip;]<\/p>\n","protected":false},"author":11,"featured_media":0,"comment_status":"open","ping_status":"closed","template":"","ufaq-category":[120],"ufaq-tag":[122,121],"class_list":["post-1149","ufaq","type-ufaq","status-publish","hentry","ufaq-category-art-009","ufaq-tag-relacionamento","ufaq-tag-titularidade"],"yoast_head":"<!-- This site is optimized with the Yoast SEO plugin v27.4 - https:\/\/yoast.com\/product\/yoast-seo-wordpress\/ -->\n<title>Artigo 9 - Com base no artigo 9 da REN 1000 na Lei Geral de Prote\u00e7\u00e3o de Dados podemos restringir registro ou respostas de reclama\u00e7\u00e3o ou de solicita\u00e7\u00e3o de informa\u00e7\u00f5es ao titular ou seu representante devidamente cadastrado? - FAQ REN 1000<\/title>\n<meta name=\"description\" content=\"Perguntas frequentes sobre a nova REN 1000.\" \/>\n<meta name=\"robots\" content=\"index, follow, max-snippet:-1, max-image-preview:large, max-video-preview:-1\" \/>\n<link rel=\"canonical\" href=\"https:\/\/faq.ren1000.norven.com.br\/index.php\/ufaq\/93\/\" \/>\n<meta property=\"og:locale\" content=\"pt_BR\" \/>\n<meta property=\"og:type\" content=\"article\" \/>\n<meta property=\"og:title\" content=\"Artigo 9 - Com base no artigo 9 da REN 1000 na Lei Geral de Prote\u00e7\u00e3o de Dados podemos restringir registro ou respostas de reclama\u00e7\u00e3o ou de solicita\u00e7\u00e3o de informa\u00e7\u00f5es ao titular ou seu representante devidamente cadastrado? - FAQ REN 1000\" \/>\n<meta property=\"og:description\" content=\"Perguntas frequentes sobre a nova REN 1000.\" \/>\n<meta property=\"og:url\" content=\"https:\/\/faq.ren1000.norven.com.br\/index.php\/ufaq\/93\/\" \/>\n<meta property=\"og:site_name\" content=\"FAQ REN 1000\" \/>\n<meta property=\"article:modified_time\" content=\"2022-03-23T13:20:36+00:00\" \/>\n<meta name=\"twitter:card\" content=\"summary_large_image\" \/>\n<meta name=\"twitter:label1\" content=\"Est. tempo de leitura\" \/>\n\t<meta name=\"twitter:data1\" content=\"1 minuto\" \/>\n<script type=\"application\/ld+json\" class=\"yoast-schema-graph\">{\"@context\":\"https:\\\/\\\/schema.org\",\"@graph\":[{\"@type\":\"NewsArticle\",\"@id\":\"https:\\\/\\\/faq.ren1000.norven.com.br\\\/index.php\\\/ufaq\\\/93\\\/#article\",\"isPartOf\":{\"@id\":\"https:\\\/\\\/faq.ren1000.norven.com.br\\\/index.php\\\/ufaq\\\/93\\\/\"},\"author\":{\"name\":\"admin\",\"@id\":\"https:\\\/\\\/faq.ren1000.norven.com.br\\\/#\\\/schema\\\/person\\\/c74a0a38b4e834d0eb7825047af440d0\"},\"headline\":\"Artigo 9 &#8211; Com base no artigo 9 da REN 1000 na Lei Geral de Prote\u00e7\u00e3o de Dados podemos restringir registro ou respostas de reclama\u00e7\u00e3o ou de solicita\u00e7\u00e3o de informa\u00e7\u00f5es ao titular ou seu representante devidamente cadastrado?\",\"datePublished\":\"2022-03-22T19:07:03+00:00\",\"dateModified\":\"2022-03-23T13:20:36+00:00\",\"mainEntityOfPage\":{\"@id\":\"https:\\\/\\\/faq.ren1000.norven.com.br\\\/index.php\\\/ufaq\\\/93\\\/\"},\"wordCount\":185,\"commentCount\":4,\"publisher\":{\"@id\":\"https:\\\/\\\/faq.ren1000.norven.com.br\\\/#organization\"},\"inLanguage\":\"pt-BR\",\"potentialAction\":[{\"@type\":\"CommentAction\",\"name\":\"Comment\",\"target\":[\"https:\\\/\\\/faq.ren1000.norven.com.br\\\/index.php\\\/ufaq\\\/93\\\/#respond\"]}]},{\"@type\":[\"WebPage\",\"FAQPage\"],\"@id\":\"https:\\\/\\\/faq.ren1000.norven.com.br\\\/index.php\\\/ufaq\\\/93\\\/\",\"url\":\"https:\\\/\\\/faq.ren1000.norven.com.br\\\/index.php\\\/ufaq\\\/93\\\/\",\"name\":\"Artigo 9 - Com base no artigo 9 da REN 1000 na Lei Geral de Prote\u00e7\u00e3o de Dados podemos restringir registro ou respostas de reclama\u00e7\u00e3o ou de solicita\u00e7\u00e3o de informa\u00e7\u00f5es ao titular ou seu representante devidamente cadastrado? - FAQ REN 1000\",\"isPartOf\":{\"@id\":\"https:\\\/\\\/faq.ren1000.norven.com.br\\\/#website\"},\"datePublished\":\"2022-03-22T19:07:03+00:00\",\"dateModified\":\"2022-03-23T13:20:36+00:00\",\"description\":\"Perguntas frequentes sobre a nova REN 1000.\",\"breadcrumb\":{\"@id\":\"https:\\\/\\\/faq.ren1000.norven.com.br\\\/index.php\\\/ufaq\\\/93\\\/#breadcrumb\"},\"inLanguage\":\"pt-BR\",\"potentialAction\":[{\"@type\":\"ReadAction\",\"target\":[\"https:\\\/\\\/faq.ren1000.norven.com.br\\\/index.php\\\/ufaq\\\/93\\\/\"]}]},{\"@type\":\"BreadcrumbList\",\"@id\":\"https:\\\/\\\/faq.ren1000.norven.com.br\\\/index.php\\\/ufaq\\\/93\\\/#breadcrumb\",\"itemListElement\":[{\"@type\":\"ListItem\",\"position\":1,\"name\":\"In\u00edcio\",\"item\":\"https:\\\/\\\/faq.ren1000.norven.com.br\\\/\"},{\"@type\":\"ListItem\",\"position\":2,\"name\":\"FAQs\",\"item\":\"https:\\\/\\\/faq.ren1000.norven.com.br\\\/index.php\\\/ufaq\\\/\"},{\"@type\":\"ListItem\",\"position\":3,\"name\":\"Artigo 9 &#8211; Com base no artigo 9 da REN 1000 na Lei Geral de Prote\u00e7\u00e3o de Dados podemos restringir registro ou respostas de reclama\u00e7\u00e3o ou de solicita\u00e7\u00e3o de informa\u00e7\u00f5es ao titular ou seu representante devidamente cadastrado?\"}]},{\"@type\":\"WebSite\",\"@id\":\"https:\\\/\\\/faq.ren1000.norven.com.br\\\/#website\",\"url\":\"https:\\\/\\\/faq.ren1000.norven.com.br\\\/\",\"name\":\"FAQ REN 1000\",\"description\":\"Perguntas frequentes sobre a Resolu\u00e7\u00e3o Normativa ANEEL 1.000\\\/2021\",\"publisher\":{\"@id\":\"https:\\\/\\\/faq.ren1000.norven.com.br\\\/#organization\"},\"potentialAction\":[{\"@type\":\"SearchAction\",\"target\":{\"@type\":\"EntryPoint\",\"urlTemplate\":\"https:\\\/\\\/faq.ren1000.norven.com.br\\\/?s={search_term_string}\"},\"query-input\":{\"@type\":\"PropertyValueSpecification\",\"valueRequired\":true,\"valueName\":\"search_term_string\"}}],\"inLanguage\":\"pt-BR\"},{\"@type\":\"Organization\",\"@id\":\"https:\\\/\\\/faq.ren1000.norven.com.br\\\/#organization\",\"name\":\"Norven\",\"url\":\"https:\\\/\\\/faq.ren1000.norven.com.br\\\/\",\"logo\":{\"@type\":\"ImageObject\",\"inLanguage\":\"pt-BR\",\"@id\":\"https:\\\/\\\/faq.ren1000.norven.com.br\\\/#\\\/schema\\\/logo\\\/image\\\/\",\"url\":\"https:\\\/\\\/faq.ren1000.norven.com.br\\\/wp-content\\\/uploads\\\/2022\\\/02\\\/cropped-logo.png\",\"contentUrl\":\"https:\\\/\\\/faq.ren1000.norven.com.br\\\/wp-content\\\/uploads\\\/2022\\\/02\\\/cropped-logo.png\",\"width\":1821,\"height\":553,\"caption\":\"Norven\"},\"image\":{\"@id\":\"https:\\\/\\\/faq.ren1000.norven.com.br\\\/#\\\/schema\\\/logo\\\/image\\\/\"},\"sameAs\":[\"https:\\\/\\\/www.instagram.com\\\/norven_br\\\/\",\"https:\\\/\\\/br.linkedin.com\\\/company\\\/norvenbr\",\"https:\\\/\\\/www.youtube.com\\\/channel\\\/UCq_3TspPFJhJogl0ug7rmYQ\"]},{\"@type\":\"Person\",\"@id\":\"https:\\\/\\\/faq.ren1000.norven.com.br\\\/#\\\/schema\\\/person\\\/c74a0a38b4e834d0eb7825047af440d0\",\"name\":\"admin\",\"image\":{\"@type\":\"ImageObject\",\"inLanguage\":\"pt-BR\",\"@id\":\"https:\\\/\\\/secure.gravatar.com\\\/avatar\\\/4b711f7f565bf56ba05f79c45e0dc6e56560475175e0602de93c51072032f389?s=96&d=mm&r=g\",\"url\":\"https:\\\/\\\/secure.gravatar.com\\\/avatar\\\/4b711f7f565bf56ba05f79c45e0dc6e56560475175e0602de93c51072032f389?s=96&d=mm&r=g\",\"contentUrl\":\"https:\\\/\\\/secure.gravatar.com\\\/avatar\\\/4b711f7f565bf56ba05f79c45e0dc6e56560475175e0602de93c51072032f389?s=96&d=mm&r=g\",\"caption\":\"admin\"},\"url\":\"https:\\\/\\\/faq.ren1000.norven.com.br\\\/index.php\\\/author\\\/admin\\\/\"}]}<\/script>\n<!-- \/ Yoast SEO plugin. -->","yoast_head_json":{"title":"Artigo 9 - Com base no artigo 9 da REN 1000 na Lei Geral de Prote\u00e7\u00e3o de Dados podemos restringir registro ou respostas de reclama\u00e7\u00e3o ou de solicita\u00e7\u00e3o de informa\u00e7\u00f5es ao titular ou seu representante devidamente cadastrado? - FAQ REN 1000","description":"Perguntas frequentes sobre a nova REN 1000.","robots":{"index":"index","follow":"follow","max-snippet":"max-snippet:-1","max-image-preview":"max-image-preview:large","max-video-preview":"max-video-preview:-1"},"canonical":"https:\/\/faq.ren1000.norven.com.br\/index.php\/ufaq\/93\/","og_locale":"pt_BR","og_type":"article","og_title":"Artigo 9 - Com base no artigo 9 da REN 1000 na Lei Geral de Prote\u00e7\u00e3o de Dados podemos restringir registro ou respostas de reclama\u00e7\u00e3o ou de solicita\u00e7\u00e3o de informa\u00e7\u00f5es ao titular ou seu representante devidamente cadastrado? - FAQ REN 1000","og_description":"Perguntas frequentes sobre a nova REN 1000.","og_url":"https:\/\/faq.ren1000.norven.com.br\/index.php\/ufaq\/93\/","og_site_name":"FAQ REN 1000","article_modified_time":"2022-03-23T13:20:36+00:00","twitter_card":"summary_large_image","twitter_misc":{"Est. tempo de leitura":"1 minuto"},"schema":{"@context":"https:\/\/schema.org","@graph":[{"@type":"NewsArticle","@id":"https:\/\/faq.ren1000.norven.com.br\/index.php\/ufaq\/93\/#article","isPartOf":{"@id":"https:\/\/faq.ren1000.norven.com.br\/index.php\/ufaq\/93\/"},"author":{"name":"admin","@id":"https:\/\/faq.ren1000.norven.com.br\/#\/schema\/person\/c74a0a38b4e834d0eb7825047af440d0"},"headline":"Artigo 9 &#8211; Com base no artigo 9 da REN 1000 na Lei Geral de Prote\u00e7\u00e3o de Dados podemos restringir registro ou respostas de reclama\u00e7\u00e3o ou de solicita\u00e7\u00e3o de informa\u00e7\u00f5es ao titular ou seu representante devidamente cadastrado?","datePublished":"2022-03-22T19:07:03+00:00","dateModified":"2022-03-23T13:20:36+00:00","mainEntityOfPage":{"@id":"https:\/\/faq.ren1000.norven.com.br\/index.php\/ufaq\/93\/"},"wordCount":185,"commentCount":4,"publisher":{"@id":"https:\/\/faq.ren1000.norven.com.br\/#organization"},"inLanguage":"pt-BR","potentialAction":[{"@type":"CommentAction","name":"Comment","target":["https:\/\/faq.ren1000.norven.com.br\/index.php\/ufaq\/93\/#respond"]}]},{"@type":["WebPage","FAQPage"],"@id":"https:\/\/faq.ren1000.norven.com.br\/index.php\/ufaq\/93\/","url":"https:\/\/faq.ren1000.norven.com.br\/index.php\/ufaq\/93\/","name":"Artigo 9 - Com base no artigo 9 da REN 1000 na Lei Geral de Prote\u00e7\u00e3o de Dados podemos restringir registro ou respostas de reclama\u00e7\u00e3o ou de solicita\u00e7\u00e3o de informa\u00e7\u00f5es ao titular ou seu representante devidamente cadastrado? - FAQ REN 1000","isPartOf":{"@id":"https:\/\/faq.ren1000.norven.com.br\/#website"},"datePublished":"2022-03-22T19:07:03+00:00","dateModified":"2022-03-23T13:20:36+00:00","description":"Perguntas frequentes sobre a nova REN 1000.","breadcrumb":{"@id":"https:\/\/faq.ren1000.norven.com.br\/index.php\/ufaq\/93\/#breadcrumb"},"inLanguage":"pt-BR","potentialAction":[{"@type":"ReadAction","target":["https:\/\/faq.ren1000.norven.com.br\/index.php\/ufaq\/93\/"]}]},{"@type":"BreadcrumbList","@id":"https:\/\/faq.ren1000.norven.com.br\/index.php\/ufaq\/93\/#breadcrumb","itemListElement":[{"@type":"ListItem","position":1,"name":"In\u00edcio","item":"https:\/\/faq.ren1000.norven.com.br\/"},{"@type":"ListItem","position":2,"name":"FAQs","item":"https:\/\/faq.ren1000.norven.com.br\/index.php\/ufaq\/"},{"@type":"ListItem","position":3,"name":"Artigo 9 &#8211; Com base no artigo 9 da REN 1000 na Lei Geral de Prote\u00e7\u00e3o de Dados podemos restringir registro ou respostas de reclama\u00e7\u00e3o ou de solicita\u00e7\u00e3o de informa\u00e7\u00f5es ao titular ou seu representante devidamente cadastrado?"}]},{"@type":"WebSite","@id":"https:\/\/faq.ren1000.norven.com.br\/#website","url":"https:\/\/faq.ren1000.norven.com.br\/","name":"FAQ REN 1000","description":"Perguntas frequentes sobre a Resolu\u00e7\u00e3o Normativa ANEEL 1.000\/2021","publisher":{"@id":"https:\/\/faq.ren1000.norven.com.br\/#organization"},"potentialAction":[{"@type":"SearchAction","target":{"@type":"EntryPoint","urlTemplate":"https:\/\/faq.ren1000.norven.com.br\/?s={search_term_string}"},"query-input":{"@type":"PropertyValueSpecification","valueRequired":true,"valueName":"search_term_string"}}],"inLanguage":"pt-BR"},{"@type":"Organization","@id":"https:\/\/faq.ren1000.norven.com.br\/#organization","name":"Norven","url":"https:\/\/faq.ren1000.norven.com.br\/","logo":{"@type":"ImageObject","inLanguage":"pt-BR","@id":"https:\/\/faq.ren1000.norven.com.br\/#\/schema\/logo\/image\/","url":"https:\/\/faq.ren1000.norven.com.br\/wp-content\/uploads\/2022\/02\/cropped-logo.png","contentUrl":"https:\/\/faq.ren1000.norven.com.br\/wp-content\/uploads\/2022\/02\/cropped-logo.png","width":1821,"height":553,"caption":"Norven"},"image":{"@id":"https:\/\/faq.ren1000.norven.com.br\/#\/schema\/logo\/image\/"},"sameAs":["https:\/\/www.instagram.com\/norven_br\/","https:\/\/br.linkedin.com\/company\/norvenbr","https:\/\/www.youtube.com\/channel\/UCq_3TspPFJhJogl0ug7rmYQ"]},{"@type":"Person","@id":"https:\/\/faq.ren1000.norven.com.br\/#\/schema\/person\/c74a0a38b4e834d0eb7825047af440d0","name":"admin","image":{"@type":"ImageObject","inLanguage":"pt-BR","@id":"https:\/\/secure.gravatar.com\/avatar\/4b711f7f565bf56ba05f79c45e0dc6e56560475175e0602de93c51072032f389?s=96&d=mm&r=g","url":"https:\/\/secure.gravatar.com\/avatar\/4b711f7f565bf56ba05f79c45e0dc6e56560475175e0602de93c51072032f389?s=96&d=mm&r=g","contentUrl":"https:\/\/secure.gravatar.com\/avatar\/4b711f7f565bf56ba05f79c45e0dc6e56560475175e0602de93c51072032f389?s=96&d=mm&r=g","caption":"admin"},"url":"https:\/\/faq.ren1000.norven.com.br\/index.php\/author\/admin\/"}]}},"_links":{"self":[{"href":"https:\/\/faq.ren1000.norven.com.br\/index.php\/wp-json\/wp\/v2\/ufaq\/1149","targetHints":{"allow":["GET"]}}],"collection":[{"href":"https:\/\/faq.ren1000.norven.com.br\/index.php\/wp-json\/wp\/v2\/ufaq"}],"about":[{"href":"https:\/\/faq.ren1000.norven.com.br\/index.php\/wp-json\/wp\/v2\/types\/ufaq"}],"author":[{"embeddable":true,"href":"https:\/\/faq.ren1000.norven.com.br\/index.php\/wp-json\/wp\/v2\/users\/11"}],"replies":[{"embeddable":true,"href":"https:\/\/faq.ren1000.norven.com.br\/index.php\/wp-json\/wp\/v2\/comments?post=1149"}],"wp:attachment":[{"href":"https:\/\/faq.ren1000.norven.com.br\/index.php\/wp-json\/wp\/v2\/media?parent=1149"}],"wp:term":[{"taxonomy":"ufaq-category","embeddable":true,"href":"https:\/\/faq.ren1000.norven.com.br\/index.php\/wp-json\/wp\/v2\/ufaq-category?post=1149"},{"taxonomy":"ufaq-tag","embeddable":true,"href":"https:\/\/faq.ren1000.norven.com.br\/index.php\/wp-json\/wp\/v2\/ufaq-tag?post=1149"}],"curies":[{"name":"wp","href":"https:\/\/api.w.org\/{rel}","templated":true}]}}