{"id":1154,"date":"2022-03-22T16:07:04","date_gmt":"2022-03-22T19:07:04","guid":{"rendered":"https:\/\/faq.ren1000.norven.com.br\/index.php\/ufaq\/98-artigos-221-292-existe-a-possibilidade-da-aplicacao-do-disposto-no-artigo-292-sem-a-observancia-do-disposto-no-artigo-221-ou-seja-para-os-clientes-que-facam-a-opcao-por-faturamento-com-aplica\/"},"modified":"2022-03-23T10:25:45","modified_gmt":"2022-03-23T13:25:45","slug":"98","status":"publish","type":"ufaq","link":"https:\/\/faq.ren1000.norven.com.br\/index.php\/ufaq\/98\/","title":{"rendered":"Artigos 221 \/ 292 &#8211; Existe a possibilidade da aplica\u00e7\u00e3o do disposto no artigo 292 sem a observ\u00e2ncia do disposto no artigo 221, ou seja, para os clientes que fa\u00e7am a op\u00e7\u00e3o por faturamento com aplica\u00e7\u00e3o da tarifa do grupo B, h\u00e1 possibilidade de altera\u00e7\u00e3o de tarifa sem aguardar 12 ciclos de faturamento? Ou, para solicita\u00e7\u00e3o do consumidor de op\u00e7\u00e3o por faturamento com aplica\u00e7\u00e3o da tarifa do grupo B para sua unidade consumidora do grupo A \u00e9 necess\u00e1rio observar as disposi\u00e7\u00f5es de ambos os artigos?"},"content":{"rendered":"<style>div.ewd-ufaq-faq-title h4 { font-size: 30 !important; }<\/style><div  class=\"ewd-ufaq-faq-list ewd-ufaq-page-type-distinct ewd-ufaq-category-tabs-\" id='ewd-ufaq-faq-list'>\n\n\t<input type='hidden' name='show_on_load' value='' id='ewd-ufaq-show-on-load' \/>\n<input type='hidden' name='include_category' value='' id='ewd-ufaq-include-category' \/>\n<input type='hidden' name='exclude_category' value='' id='ewd-ufaq-exclude-category' \/>\n<input type='hidden' name='orderby' value='title' id='ewd-ufaq-orderby' \/>\n<input type='hidden' name='order' value='asc' id='ewd-ufaq-order' \/>\n<input type='hidden' name='post_count' value='-1' id='ewd-ufaq-post-count' \/>\n<input type='hidden' name='current_url' value='\/index.php\/wp-json\/wp\/v2\/ufaq\/1154' id='ewd-ufaq-current-url' \/>\n\t\n\t\n\t<div class='ewd-ufaq-faqs'>\n\n\t\t<div  class=\"ewd-ufaq-faq-div ewd-ufaq-faq-column-count-one ewd-ufaq-faq-responsive-columns- ewd-ufaq-faq-display-style-default ewd-ufaq-can-be-toggled\" id='ewd-ufaq-post-1154-J5bGjlqE9P' data-post_id='1154'>\n\n\t\t\n\t<div class='ewd-ufaq-faq-title ewd-ufaq-faq-toggle'>\n\t\n\t<a class='ewd-ufaq-post-margin'  href='#' role=\"button\">\n\n\t\t<div class='ewd-ufaq-post-margin-symbol ewd-ufaq-'>\n\t\t\t<span >A<\/span>\n\t\t<\/div>\n\n\t\t<div class='ewd-ufaq-faq-title-text'>\n\n\t\t\t<h4>\n\t\t\t\tArtigos 221 \/ 292 &#8211; Existe a possibilidade da aplica\u00e7\u00e3o do disposto no artigo 292 sem a observ\u00e2ncia do disposto no artigo 221, ou seja, para os clientes que fa\u00e7am a op\u00e7\u00e3o por faturamento com aplica\u00e7\u00e3o da tarifa do grupo B, h\u00e1 possibilidade de altera\u00e7\u00e3o de tarifa sem aguardar 12 ciclos de faturamento? Ou, para solicita\u00e7\u00e3o do consumidor de op\u00e7\u00e3o por faturamento com aplica\u00e7\u00e3o da tarifa do grupo B para sua unidade consumidora do grupo A \u00e9 necess\u00e1rio observar as disposi\u00e7\u00f5es de ambos os artigos?\t\t\t<\/h4>\n\n\t\t<\/div>\n\n\t\t<div class='ewd-ufaq-clear'><\/div>\n\n\t<\/a>\n\t\n<\/div>\n\t\n\t<div class='ewd-ufaq-faq-body' >\n\n\t\t\n\t\t\t\n\t\t\n\t\t\t<div class='ewd-ufaq-post-margin ewd-ufaq-faq-post'>\n\t\n<h4 class=\"wp-block-heading\" id=\"quem-perguntou-enel\">Quem perguntou? <strong>ABRADEE<\/strong><\/h4>\n\n\n\n<h4 class=\"wp-block-heading\" id=\"resposta\">Resposta:<\/h4>\n\n\n\n<p class=\"wp-block-paragraph\">Para os casos de op\u00e7\u00e3o de faturamento do art. 292 da REN 1000\/2021 a distribuidora deve observar o prazo previsto no \u00a72\u00ba:<br><br><em>Art. 292 [&#8230;] \u00a7 2\u00ba A aplica\u00e7\u00e3o da tarifa do grupo B ou o retorno ao faturamento com aplica\u00e7\u00e3o de tarifa do grupo A devem ser realizados <strong>at\u00e9 o segundo ciclo de faturamento subsequente \u00e0 formaliza\u00e7\u00e3o da op\u00e7\u00e3o de faturamento<\/strong>.<br><\/em><br>Assim, o prazo o art. 292 \u00e9 mais espec\u00edfico e deve ser observado, pois n\u00e3o h\u00e1 como atender ao pedido da op\u00e7\u00e3o de faturamento sem que haja a correspondente altera\u00e7\u00e3o da modalidade tarif\u00e1ria.<\/p>\n\n\n\n<h4 class=\"wp-block-heading\" id=\"quem-respondeu-aneel\">Quem respondeu? <strong>ANEEL<\/strong><\/h4>\n<\/div>\n\t\t\n\t\t\t<div class='ewd-ufaq-author-date'>\n\n\tPostado\n\t\n\tem\n<span class='ewd-ufaq-date'>\n\t22\/03\/2022<\/span>\n<\/div>\n\t\t\n\t\t\t<div class='ewd-ufaq-faq-custom-fields'>\n\n\t\n<\/div>\n\t\t\n\t\t\t<div class='ewd-ufaq-faq-tags'>\n\t\n\tTags\t\n\t\n\t\tFATURAMENTO, \n\t\n\t\tTARIFAS\n\t\n<\/div>\n\t\t\n\t\t\t\n\t\t\n\t\t\t\n\t\t\n\t\t\t\n\t\t\n\t\t\t\t<div id=\"respond\" class=\"comment-respond\">\n\t\t<h3 id=\"reply-title\" class=\"comment-reply-title\">Deixe um coment\u00e1rio <small><a rel=\"nofollow\" id=\"cancel-comment-reply-link\" href=\"\/index.php\/wp-json\/wp\/v2\/ufaq\/1154#respond\" style=\"display:none;\">Cancelar resposta<\/a><\/small><\/h3><form action=\"https:\/\/faq.ren1000.norven.com.br\/wp-comments-post.php\" method=\"post\" id=\"commentform\" class=\"comment-form\"><p class=\"comment-notes\"><span id=\"email-notes\">O seu endere\u00e7o de e-mail n\u00e3o ser\u00e1 publicado.<\/span> <span class=\"required-field-message\">Campos obrigat\u00f3rios s\u00e3o marcados com <span class=\"required\">*<\/span><\/span><\/p><div class=\"row\"> <div class=\"col-md-4\"> <div class=\"form-group label-floating is-empty\"> <label class=\"control-label\">Nome <span class=\"required\">*<\/span><\/label><input id=\"author\" name=\"author\" class=\"form-control\" type=\"text\" aria-required='true' \/> <span class=\"hestia-input\"><\/span> <\/div> <\/div>\n<div class=\"col-md-4\"> <div class=\"form-group label-floating is-empty\"> <label class=\"control-label\">E-mail <span class=\"required\">*<\/span><\/label><input id=\"email\" name=\"email\" class=\"form-control\" type=\"email\" aria-required='true' \/> <span class=\"hestia-input\"><\/span> <\/div> <\/div>\n<div class=\"col-md-4\"> <div class=\"form-group label-floating is-empty\"> <label class=\"control-label\">Site<\/label><input id=\"url\" name=\"url\" class=\"form-control\" type=\"url\" aria-required='true' \/> <span class=\"hestia-input\"><\/span> <\/div> <\/div> <\/div>\n<p class=\"comment-form-comment\"><label for=\"comment\">Coment\u00e1rio <span class=\"required\">*<\/span><\/label> <textarea id=\"comment\" name=\"comment\" cols=\"45\" rows=\"8\" maxlength=\"65525\" required=\"required\"><\/textarea><\/p><p class=\"comment-form-cookies-consent\"><input id=\"wp-comment-cookies-consent\" name=\"wp-comment-cookies-consent\" type=\"checkbox\" value=\"yes\" \/> <label for=\"wp-comment-cookies-consent\">Salvar meus dados neste navegador para a pr\u00f3xima vez que eu comentar.<\/label><\/p>\n<p class=\"form-submit\"><input name=\"submit\" type=\"submit\" id=\"submit\" class=\"submit\" value=\"Publicar coment\u00e1rio\" \/> <input type='hidden' name='comment_post_ID' value='1154' id='comment_post_ID' \/>\n<input type='hidden' name='comment_parent' id='comment_parent' value='0' \/>\n<\/p><\/form>\t<\/div><!-- #respond -->\n\t\n\t\t\n\t\t\t\n\t\t\n\t<\/div>\n\n<\/div>\n\t<\/div>\n\n\t\n<\/div>","protected":false},"excerpt":{"rendered":"<p>A Artigos 221 \/ 292 &#8211; Existe a possibilidade da aplica\u00e7\u00e3o do disposto no artigo 292 sem a observ\u00e2ncia do disposto no artigo 221, ou seja, para os clientes que fa\u00e7am a op\u00e7\u00e3o por faturamento com aplica\u00e7\u00e3o da tarifa do grupo B, h\u00e1 possibilidade de altera\u00e7\u00e3o de tarifa sem aguardar [&hellip;]<\/p>\n","protected":false},"author":11,"featured_media":0,"comment_status":"open","ping_status":"closed","template":"","ufaq-category":[202,208],"ufaq-tag":[152,153],"class_list":["post-1154","ufaq","type-ufaq","status-publish","hentry","ufaq-category-art-221","ufaq-category-art-292","ufaq-tag-faturamento","ufaq-tag-tarifas"],"yoast_head":"<!-- This site is optimized with the Yoast SEO plugin v27.5 - https:\/\/yoast.com\/product\/yoast-seo-wordpress\/ -->\n<title>Artigos 221 \/ 292 - Existe a possibilidade da aplica\u00e7\u00e3o do disposto no artigo 292 sem a observ\u00e2ncia do disposto no artigo 221, ou seja, para os clientes que fa\u00e7am a op\u00e7\u00e3o por faturamento com aplica\u00e7\u00e3o da tarifa do grupo B, h\u00e1 possibilidade de altera\u00e7\u00e3o de tarifa sem aguardar 12 ciclos de faturamento? Ou, para solicita\u00e7\u00e3o do consumidor de op\u00e7\u00e3o por faturamento com aplica\u00e7\u00e3o da tarifa do grupo B para sua unidade consumidora do grupo A \u00e9 necess\u00e1rio observar as disposi\u00e7\u00f5es de ambos os artigos? - FAQ REN 1000<\/title>\n<meta name=\"description\" content=\"Perguntas frequentes sobre a nova REN 1000.\" \/>\n<meta name=\"robots\" content=\"index, follow, max-snippet:-1, max-image-preview:large, max-video-preview:-1\" \/>\n<link rel=\"canonical\" href=\"https:\/\/faq.ren1000.norven.com.br\/index.php\/ufaq\/98\/\" \/>\n<meta property=\"og:locale\" content=\"pt_BR\" \/>\n<meta property=\"og:type\" content=\"article\" \/>\n<meta property=\"og:title\" content=\"Artigos 221 \/ 292 - Existe a possibilidade da aplica\u00e7\u00e3o do disposto no artigo 292 sem a observ\u00e2ncia do disposto no artigo 221, ou seja, para os clientes que fa\u00e7am a op\u00e7\u00e3o por faturamento com aplica\u00e7\u00e3o da tarifa do grupo B, h\u00e1 possibilidade de altera\u00e7\u00e3o de tarifa sem aguardar 12 ciclos de faturamento? Ou, para solicita\u00e7\u00e3o do consumidor de op\u00e7\u00e3o por faturamento com aplica\u00e7\u00e3o da tarifa do grupo B para sua unidade consumidora do grupo A \u00e9 necess\u00e1rio observar as disposi\u00e7\u00f5es de ambos os artigos? - FAQ REN 1000\" \/>\n<meta property=\"og:description\" content=\"Perguntas frequentes sobre a nova REN 1000.\" \/>\n<meta property=\"og:url\" content=\"https:\/\/faq.ren1000.norven.com.br\/index.php\/ufaq\/98\/\" \/>\n<meta property=\"og:site_name\" content=\"FAQ REN 1000\" \/>\n<meta property=\"article:modified_time\" content=\"2022-03-23T13:25:45+00:00\" \/>\n<meta name=\"twitter:card\" content=\"summary_large_image\" \/>\n<meta name=\"twitter:label1\" content=\"Est. tempo de leitura\" \/>\n\t<meta name=\"twitter:data1\" content=\"1 minuto\" \/>\n<script type=\"application\/ld+json\" class=\"yoast-schema-graph\">{\"@context\":\"https:\\\/\\\/schema.org\",\"@graph\":[{\"@type\":\"NewsArticle\",\"@id\":\"https:\\\/\\\/faq.ren1000.norven.com.br\\\/index.php\\\/ufaq\\\/98\\\/#article\",\"isPartOf\":{\"@id\":\"https:\\\/\\\/faq.ren1000.norven.com.br\\\/index.php\\\/ufaq\\\/98\\\/\"},\"author\":{\"name\":\"admin\",\"@id\":\"https:\\\/\\\/faq.ren1000.norven.com.br\\\/#\\\/schema\\\/person\\\/c74a0a38b4e834d0eb7825047af440d0\"},\"headline\":\"Artigos 221 \\\/ 292 &#8211; Existe a possibilidade da aplica\u00e7\u00e3o do disposto no artigo 292 sem a observ\u00e2ncia do disposto no artigo 221, ou seja, para os clientes que fa\u00e7am a op\u00e7\u00e3o por faturamento com aplica\u00e7\u00e3o da tarifa do grupo B, h\u00e1 possibilidade de altera\u00e7\u00e3o de tarifa sem aguardar 12 ciclos de faturamento? Ou, para solicita\u00e7\u00e3o do consumidor de op\u00e7\u00e3o por faturamento com aplica\u00e7\u00e3o da tarifa do grupo B para sua unidade consumidora do grupo A \u00e9 necess\u00e1rio observar as disposi\u00e7\u00f5es de ambos os artigos?\",\"datePublished\":\"2022-03-22T19:07:04+00:00\",\"dateModified\":\"2022-03-23T13:25:45+00:00\",\"mainEntityOfPage\":{\"@id\":\"https:\\\/\\\/faq.ren1000.norven.com.br\\\/index.php\\\/ufaq\\\/98\\\/\"},\"wordCount\":191,\"commentCount\":0,\"publisher\":{\"@id\":\"https:\\\/\\\/faq.ren1000.norven.com.br\\\/#organization\"},\"inLanguage\":\"pt-BR\",\"potentialAction\":[{\"@type\":\"CommentAction\",\"name\":\"Comment\",\"target\":[\"https:\\\/\\\/faq.ren1000.norven.com.br\\\/index.php\\\/ufaq\\\/98\\\/#respond\"]}]},{\"@type\":[\"WebPage\",\"FAQPage\"],\"@id\":\"https:\\\/\\\/faq.ren1000.norven.com.br\\\/index.php\\\/ufaq\\\/98\\\/\",\"url\":\"https:\\\/\\\/faq.ren1000.norven.com.br\\\/index.php\\\/ufaq\\\/98\\\/\",\"name\":\"Artigos 221 \\\/ 292 - Existe a possibilidade da aplica\u00e7\u00e3o do disposto no artigo 292 sem a observ\u00e2ncia do disposto no artigo 221, ou seja, para os clientes que fa\u00e7am a op\u00e7\u00e3o por faturamento com aplica\u00e7\u00e3o da tarifa do grupo B, h\u00e1 possibilidade de altera\u00e7\u00e3o de tarifa sem aguardar 12 ciclos de faturamento? Ou, para solicita\u00e7\u00e3o do consumidor de op\u00e7\u00e3o por faturamento com aplica\u00e7\u00e3o da tarifa do grupo B para sua unidade consumidora do grupo A \u00e9 necess\u00e1rio observar as disposi\u00e7\u00f5es de ambos os artigos? - FAQ REN 1000\",\"isPartOf\":{\"@id\":\"https:\\\/\\\/faq.ren1000.norven.com.br\\\/#website\"},\"datePublished\":\"2022-03-22T19:07:04+00:00\",\"dateModified\":\"2022-03-23T13:25:45+00:00\",\"description\":\"Perguntas frequentes sobre a nova REN 1000.\",\"breadcrumb\":{\"@id\":\"https:\\\/\\\/faq.ren1000.norven.com.br\\\/index.php\\\/ufaq\\\/98\\\/#breadcrumb\"},\"inLanguage\":\"pt-BR\",\"potentialAction\":[{\"@type\":\"ReadAction\",\"target\":[\"https:\\\/\\\/faq.ren1000.norven.com.br\\\/index.php\\\/ufaq\\\/98\\\/\"]}]},{\"@type\":\"BreadcrumbList\",\"@id\":\"https:\\\/\\\/faq.ren1000.norven.com.br\\\/index.php\\\/ufaq\\\/98\\\/#breadcrumb\",\"itemListElement\":[{\"@type\":\"ListItem\",\"position\":1,\"name\":\"In\u00edcio\",\"item\":\"https:\\\/\\\/faq.ren1000.norven.com.br\\\/\"},{\"@type\":\"ListItem\",\"position\":2,\"name\":\"FAQs\",\"item\":\"https:\\\/\\\/faq.ren1000.norven.com.br\\\/index.php\\\/ufaq\\\/\"},{\"@type\":\"ListItem\",\"position\":3,\"name\":\"Artigos 221 \\\/ 292 &#8211; Existe a possibilidade da aplica\u00e7\u00e3o do disposto no artigo 292 sem a observ\u00e2ncia do disposto no artigo 221, ou seja, para os clientes que fa\u00e7am a op\u00e7\u00e3o por faturamento com aplica\u00e7\u00e3o da tarifa do grupo B, h\u00e1 possibilidade de altera\u00e7\u00e3o de tarifa sem aguardar 12 ciclos de faturamento? Ou, para solicita\u00e7\u00e3o do consumidor de op\u00e7\u00e3o por faturamento com aplica\u00e7\u00e3o da tarifa do grupo B para sua unidade consumidora do grupo A \u00e9 necess\u00e1rio observar as disposi\u00e7\u00f5es de ambos os artigos?\"}]},{\"@type\":\"WebSite\",\"@id\":\"https:\\\/\\\/faq.ren1000.norven.com.br\\\/#website\",\"url\":\"https:\\\/\\\/faq.ren1000.norven.com.br\\\/\",\"name\":\"FAQ REN 1000\",\"description\":\"Perguntas frequentes sobre a Resolu\u00e7\u00e3o Normativa ANEEL 1.000\\\/2021\",\"publisher\":{\"@id\":\"https:\\\/\\\/faq.ren1000.norven.com.br\\\/#organization\"},\"potentialAction\":[{\"@type\":\"SearchAction\",\"target\":{\"@type\":\"EntryPoint\",\"urlTemplate\":\"https:\\\/\\\/faq.ren1000.norven.com.br\\\/?s={search_term_string}\"},\"query-input\":{\"@type\":\"PropertyValueSpecification\",\"valueRequired\":true,\"valueName\":\"search_term_string\"}}],\"inLanguage\":\"pt-BR\"},{\"@type\":\"Organization\",\"@id\":\"https:\\\/\\\/faq.ren1000.norven.com.br\\\/#organization\",\"name\":\"Norven\",\"url\":\"https:\\\/\\\/faq.ren1000.norven.com.br\\\/\",\"logo\":{\"@type\":\"ImageObject\",\"inLanguage\":\"pt-BR\",\"@id\":\"https:\\\/\\\/faq.ren1000.norven.com.br\\\/#\\\/schema\\\/logo\\\/image\\\/\",\"url\":\"https:\\\/\\\/faq.ren1000.norven.com.br\\\/wp-content\\\/uploads\\\/2022\\\/02\\\/cropped-logo.png\",\"contentUrl\":\"https:\\\/\\\/faq.ren1000.norven.com.br\\\/wp-content\\\/uploads\\\/2022\\\/02\\\/cropped-logo.png\",\"width\":1821,\"height\":553,\"caption\":\"Norven\"},\"image\":{\"@id\":\"https:\\\/\\\/faq.ren1000.norven.com.br\\\/#\\\/schema\\\/logo\\\/image\\\/\"},\"sameAs\":[\"https:\\\/\\\/www.instagram.com\\\/norven_br\\\/\",\"https:\\\/\\\/br.linkedin.com\\\/company\\\/norvenbr\",\"https:\\\/\\\/www.youtube.com\\\/channel\\\/UCq_3TspPFJhJogl0ug7rmYQ\"]},{\"@type\":\"Person\",\"@id\":\"https:\\\/\\\/faq.ren1000.norven.com.br\\\/#\\\/schema\\\/person\\\/c74a0a38b4e834d0eb7825047af440d0\",\"name\":\"admin\",\"image\":{\"@type\":\"ImageObject\",\"inLanguage\":\"pt-BR\",\"@id\":\"https:\\\/\\\/secure.gravatar.com\\\/avatar\\\/4b711f7f565bf56ba05f79c45e0dc6e56560475175e0602de93c51072032f389?s=96&d=mm&r=g\",\"url\":\"https:\\\/\\\/secure.gravatar.com\\\/avatar\\\/4b711f7f565bf56ba05f79c45e0dc6e56560475175e0602de93c51072032f389?s=96&d=mm&r=g\",\"contentUrl\":\"https:\\\/\\\/secure.gravatar.com\\\/avatar\\\/4b711f7f565bf56ba05f79c45e0dc6e56560475175e0602de93c51072032f389?s=96&d=mm&r=g\",\"caption\":\"admin\"},\"url\":\"https:\\\/\\\/faq.ren1000.norven.com.br\\\/index.php\\\/author\\\/admin\\\/\"}]}<\/script>\n<!-- \/ Yoast SEO plugin. -->","yoast_head_json":{"title":"Artigos 221 \/ 292 - Existe a possibilidade da aplica\u00e7\u00e3o do disposto no artigo 292 sem a observ\u00e2ncia do disposto no artigo 221, ou seja, para os clientes que fa\u00e7am a op\u00e7\u00e3o por faturamento com aplica\u00e7\u00e3o da tarifa do grupo B, h\u00e1 possibilidade de altera\u00e7\u00e3o de tarifa sem aguardar 12 ciclos de faturamento? Ou, para solicita\u00e7\u00e3o do consumidor de op\u00e7\u00e3o por faturamento com aplica\u00e7\u00e3o da tarifa do grupo B para sua unidade consumidora do grupo A \u00e9 necess\u00e1rio observar as disposi\u00e7\u00f5es de ambos os artigos? - FAQ REN 1000","description":"Perguntas frequentes sobre a nova REN 1000.","robots":{"index":"index","follow":"follow","max-snippet":"max-snippet:-1","max-image-preview":"max-image-preview:large","max-video-preview":"max-video-preview:-1"},"canonical":"https:\/\/faq.ren1000.norven.com.br\/index.php\/ufaq\/98\/","og_locale":"pt_BR","og_type":"article","og_title":"Artigos 221 \/ 292 - Existe a possibilidade da aplica\u00e7\u00e3o do disposto no artigo 292 sem a observ\u00e2ncia do disposto no artigo 221, ou seja, para os clientes que fa\u00e7am a op\u00e7\u00e3o por faturamento com aplica\u00e7\u00e3o da tarifa do grupo B, h\u00e1 possibilidade de altera\u00e7\u00e3o de tarifa sem aguardar 12 ciclos de faturamento? Ou, para solicita\u00e7\u00e3o do consumidor de op\u00e7\u00e3o por faturamento com aplica\u00e7\u00e3o da tarifa do grupo B para sua unidade consumidora do grupo A \u00e9 necess\u00e1rio observar as disposi\u00e7\u00f5es de ambos os artigos? - FAQ REN 1000","og_description":"Perguntas frequentes sobre a nova REN 1000.","og_url":"https:\/\/faq.ren1000.norven.com.br\/index.php\/ufaq\/98\/","og_site_name":"FAQ REN 1000","article_modified_time":"2022-03-23T13:25:45+00:00","twitter_card":"summary_large_image","twitter_misc":{"Est. tempo de leitura":"1 minuto"},"schema":{"@context":"https:\/\/schema.org","@graph":[{"@type":"NewsArticle","@id":"https:\/\/faq.ren1000.norven.com.br\/index.php\/ufaq\/98\/#article","isPartOf":{"@id":"https:\/\/faq.ren1000.norven.com.br\/index.php\/ufaq\/98\/"},"author":{"name":"admin","@id":"https:\/\/faq.ren1000.norven.com.br\/#\/schema\/person\/c74a0a38b4e834d0eb7825047af440d0"},"headline":"Artigos 221 \/ 292 &#8211; Existe a possibilidade da aplica\u00e7\u00e3o do disposto no artigo 292 sem a observ\u00e2ncia do disposto no artigo 221, ou seja, para os clientes que fa\u00e7am a op\u00e7\u00e3o por faturamento com aplica\u00e7\u00e3o da tarifa do grupo B, h\u00e1 possibilidade de altera\u00e7\u00e3o de tarifa sem aguardar 12 ciclos de faturamento? Ou, para solicita\u00e7\u00e3o do consumidor de op\u00e7\u00e3o por faturamento com aplica\u00e7\u00e3o da tarifa do grupo B para sua unidade consumidora do grupo A \u00e9 necess\u00e1rio observar as disposi\u00e7\u00f5es de ambos os artigos?","datePublished":"2022-03-22T19:07:04+00:00","dateModified":"2022-03-23T13:25:45+00:00","mainEntityOfPage":{"@id":"https:\/\/faq.ren1000.norven.com.br\/index.php\/ufaq\/98\/"},"wordCount":191,"commentCount":0,"publisher":{"@id":"https:\/\/faq.ren1000.norven.com.br\/#organization"},"inLanguage":"pt-BR","potentialAction":[{"@type":"CommentAction","name":"Comment","target":["https:\/\/faq.ren1000.norven.com.br\/index.php\/ufaq\/98\/#respond"]}]},{"@type":["WebPage","FAQPage"],"@id":"https:\/\/faq.ren1000.norven.com.br\/index.php\/ufaq\/98\/","url":"https:\/\/faq.ren1000.norven.com.br\/index.php\/ufaq\/98\/","name":"Artigos 221 \/ 292 - Existe a possibilidade da aplica\u00e7\u00e3o do disposto no artigo 292 sem a observ\u00e2ncia do disposto no artigo 221, ou seja, para os clientes que fa\u00e7am a op\u00e7\u00e3o por faturamento com aplica\u00e7\u00e3o da tarifa do grupo B, h\u00e1 possibilidade de altera\u00e7\u00e3o de tarifa sem aguardar 12 ciclos de faturamento? Ou, para solicita\u00e7\u00e3o do consumidor de op\u00e7\u00e3o por faturamento com aplica\u00e7\u00e3o da tarifa do grupo B para sua unidade consumidora do grupo A \u00e9 necess\u00e1rio observar as disposi\u00e7\u00f5es de ambos os artigos? - FAQ REN 1000","isPartOf":{"@id":"https:\/\/faq.ren1000.norven.com.br\/#website"},"datePublished":"2022-03-22T19:07:04+00:00","dateModified":"2022-03-23T13:25:45+00:00","description":"Perguntas frequentes sobre a nova REN 1000.","breadcrumb":{"@id":"https:\/\/faq.ren1000.norven.com.br\/index.php\/ufaq\/98\/#breadcrumb"},"inLanguage":"pt-BR","potentialAction":[{"@type":"ReadAction","target":["https:\/\/faq.ren1000.norven.com.br\/index.php\/ufaq\/98\/"]}]},{"@type":"BreadcrumbList","@id":"https:\/\/faq.ren1000.norven.com.br\/index.php\/ufaq\/98\/#breadcrumb","itemListElement":[{"@type":"ListItem","position":1,"name":"In\u00edcio","item":"https:\/\/faq.ren1000.norven.com.br\/"},{"@type":"ListItem","position":2,"name":"FAQs","item":"https:\/\/faq.ren1000.norven.com.br\/index.php\/ufaq\/"},{"@type":"ListItem","position":3,"name":"Artigos 221 \/ 292 &#8211; Existe a possibilidade da aplica\u00e7\u00e3o do disposto no artigo 292 sem a observ\u00e2ncia do disposto no artigo 221, ou seja, para os clientes que fa\u00e7am a op\u00e7\u00e3o por faturamento com aplica\u00e7\u00e3o da tarifa do grupo B, h\u00e1 possibilidade de altera\u00e7\u00e3o de tarifa sem aguardar 12 ciclos de faturamento? Ou, para solicita\u00e7\u00e3o do consumidor de op\u00e7\u00e3o por faturamento com aplica\u00e7\u00e3o da tarifa do grupo B para sua unidade consumidora do grupo A \u00e9 necess\u00e1rio observar as disposi\u00e7\u00f5es de ambos os artigos?"}]},{"@type":"WebSite","@id":"https:\/\/faq.ren1000.norven.com.br\/#website","url":"https:\/\/faq.ren1000.norven.com.br\/","name":"FAQ REN 1000","description":"Perguntas frequentes sobre a Resolu\u00e7\u00e3o Normativa ANEEL 1.000\/2021","publisher":{"@id":"https:\/\/faq.ren1000.norven.com.br\/#organization"},"potentialAction":[{"@type":"SearchAction","target":{"@type":"EntryPoint","urlTemplate":"https:\/\/faq.ren1000.norven.com.br\/?s={search_term_string}"},"query-input":{"@type":"PropertyValueSpecification","valueRequired":true,"valueName":"search_term_string"}}],"inLanguage":"pt-BR"},{"@type":"Organization","@id":"https:\/\/faq.ren1000.norven.com.br\/#organization","name":"Norven","url":"https:\/\/faq.ren1000.norven.com.br\/","logo":{"@type":"ImageObject","inLanguage":"pt-BR","@id":"https:\/\/faq.ren1000.norven.com.br\/#\/schema\/logo\/image\/","url":"https:\/\/faq.ren1000.norven.com.br\/wp-content\/uploads\/2022\/02\/cropped-logo.png","contentUrl":"https:\/\/faq.ren1000.norven.com.br\/wp-content\/uploads\/2022\/02\/cropped-logo.png","width":1821,"height":553,"caption":"Norven"},"image":{"@id":"https:\/\/faq.ren1000.norven.com.br\/#\/schema\/logo\/image\/"},"sameAs":["https:\/\/www.instagram.com\/norven_br\/","https:\/\/br.linkedin.com\/company\/norvenbr","https:\/\/www.youtube.com\/channel\/UCq_3TspPFJhJogl0ug7rmYQ"]},{"@type":"Person","@id":"https:\/\/faq.ren1000.norven.com.br\/#\/schema\/person\/c74a0a38b4e834d0eb7825047af440d0","name":"admin","image":{"@type":"ImageObject","inLanguage":"pt-BR","@id":"https:\/\/secure.gravatar.com\/avatar\/4b711f7f565bf56ba05f79c45e0dc6e56560475175e0602de93c51072032f389?s=96&d=mm&r=g","url":"https:\/\/secure.gravatar.com\/avatar\/4b711f7f565bf56ba05f79c45e0dc6e56560475175e0602de93c51072032f389?s=96&d=mm&r=g","contentUrl":"https:\/\/secure.gravatar.com\/avatar\/4b711f7f565bf56ba05f79c45e0dc6e56560475175e0602de93c51072032f389?s=96&d=mm&r=g","caption":"admin"},"url":"https:\/\/faq.ren1000.norven.com.br\/index.php\/author\/admin\/"}]}},"_links":{"self":[{"href":"https:\/\/faq.ren1000.norven.com.br\/index.php\/wp-json\/wp\/v2\/ufaq\/1154","targetHints":{"allow":["GET"]}}],"collection":[{"href":"https:\/\/faq.ren1000.norven.com.br\/index.php\/wp-json\/wp\/v2\/ufaq"}],"about":[{"href":"https:\/\/faq.ren1000.norven.com.br\/index.php\/wp-json\/wp\/v2\/types\/ufaq"}],"author":[{"embeddable":true,"href":"https:\/\/faq.ren1000.norven.com.br\/index.php\/wp-json\/wp\/v2\/users\/11"}],"replies":[{"embeddable":true,"href":"https:\/\/faq.ren1000.norven.com.br\/index.php\/wp-json\/wp\/v2\/comments?post=1154"}],"wp:attachment":[{"href":"https:\/\/faq.ren1000.norven.com.br\/index.php\/wp-json\/wp\/v2\/media?parent=1154"}],"wp:term":[{"taxonomy":"ufaq-category","embeddable":true,"href":"https:\/\/faq.ren1000.norven.com.br\/index.php\/wp-json\/wp\/v2\/ufaq-category?post=1154"},{"taxonomy":"ufaq-tag","embeddable":true,"href":"https:\/\/faq.ren1000.norven.com.br\/index.php\/wp-json\/wp\/v2\/ufaq-tag?post=1154"}],"curies":[{"name":"wp","href":"https:\/\/api.w.org\/{rel}","templated":true}]}}