{"id":1251,"date":"2022-05-18T18:40:03","date_gmt":"2022-05-18T21:40:03","guid":{"rendered":"https:\/\/faq.ren1000.norven.com.br\/?post_type=ufaq&#038;p=1251"},"modified":"2022-05-18T18:40:04","modified_gmt":"2022-05-18T21:40:04","slug":"168","status":"publish","type":"ufaq","link":"https:\/\/faq.ren1000.norven.com.br\/index.php\/ufaq\/168\/","title":{"rendered":"Artigo 23 &#8211; O \u00a7 1\u00ba do art. 23 restringe a possibilidade de indica\u00e7\u00e3o de tens\u00e3o diferente \u00e0s unidades consumidoras com equipamentos potencialmente prejudiciais com carga instalada entre 50 e 75 kW. No caso de uma UC, por exemplo, com carga de 1,6 MW, inicialmente enquadrada em tens\u00e3o < 69 kV, mas com motores cuja partida seria prejudicial para o sistema, de modo que fosse necess\u00e1rio conect\u00e1-la em tens\u00e3o \u2265 69 kV. Quais procedimentos devem ser adotados quanto \u00e0 tens\u00e3o de atendimento e c\u00e1lculo de PFC?"},"content":{"rendered":"<style>div.ewd-ufaq-faq-title h4 { font-size: 30 !important; }<\/style><div  class=\"ewd-ufaq-faq-list ewd-ufaq-page-type-distinct ewd-ufaq-category-tabs-\" id='ewd-ufaq-faq-list'>\n\n\t<input type='hidden' name='show_on_load' value='' id='ewd-ufaq-show-on-load' \/>\n<input type='hidden' name='include_category' value='' id='ewd-ufaq-include-category' \/>\n<input type='hidden' name='exclude_category' value='' id='ewd-ufaq-exclude-category' \/>\n<input type='hidden' name='orderby' value='title' id='ewd-ufaq-orderby' \/>\n<input type='hidden' name='order' value='asc' id='ewd-ufaq-order' \/>\n<input type='hidden' name='post_count' value='-1' id='ewd-ufaq-post-count' \/>\n<input type='hidden' name='current_url' value='\/index.php\/wp-json\/wp\/v2\/ufaq\/1251' id='ewd-ufaq-current-url' \/>\n\t\n\t\n\t<div class='ewd-ufaq-faqs'>\n\n\t\t<div  class=\"ewd-ufaq-faq-div ewd-ufaq-faq-column-count-one ewd-ufaq-faq-responsive-columns- ewd-ufaq-faq-display-style-default ewd-ufaq-can-be-toggled\" id='ewd-ufaq-post-1251-cSFuYEVPWa' data-post_id='1251'>\n\n\t\t\n\t<div class='ewd-ufaq-faq-title ewd-ufaq-faq-toggle'>\n\t\n\t<a class='ewd-ufaq-post-margin'  href='#' role=\"button\">\n\n\t\t<div class='ewd-ufaq-post-margin-symbol ewd-ufaq-'>\n\t\t\t<span >A<\/span>\n\t\t<\/div>\n\n\t\t<div class='ewd-ufaq-faq-title-text'>\n\n\t\t\t<h4>\n\t\t\t\tArtigo 23 &#8211; O \u00a7 1\u00ba do art. 23 restringe a possibilidade de indica\u00e7\u00e3o de tens\u00e3o diferente \u00e0s unidades consumidoras com equipamentos potencialmente prejudiciais com carga instalada entre 50 e 75 kW. No caso de uma UC, por exemplo, com carga de 1,6 MW, inicialmente enquadrada em tens\u00e3o &lt; 69 kV, mas com motores cuja partida seria prejudicial para o sistema, de modo que fosse necess\u00e1rio conect\u00e1-la em tens\u00e3o \u2265 69 kV. Quais procedimentos devem ser adotados quanto \u00e0 tens\u00e3o de atendimento e c\u00e1lculo de PFC?\t\t\t<\/h4>\n\n\t\t<\/div>\n\n\t\t<div class='ewd-ufaq-clear'><\/div>\n\n\t<\/a>\n\t\n<\/div>\n\t\n\t<div class='ewd-ufaq-faq-body' >\n\n\t\t\n\t\t\t\n\t\t\n\t\t\t<div class='ewd-ufaq-post-margin ewd-ufaq-faq-post'>\n\t\n<h4 class=\"wp-block-heading\" id=\"quem-perguntou-cemig\">Quem perguntou?<strong> <\/strong>ABRADEE<\/h4>\n\n\n\n<h4 class=\"wp-block-heading\" id=\"resposta\">Resposta:<\/h4>\n\n\n\n<p class=\"wp-block-paragraph\">Na conex\u00e3o de unidade consumidora, a distribuidora deve observar o&nbsp; crit\u00e9rio de m\u00ednimo custo global e as demais regras que definem a tens\u00e3o e o ponto de conex\u00e3o, conforme expressamente previsto no art. 82:<\/p>\n\n\n\n<p class=\"wp-block-paragraph\"><em>Art. 82. Caso as condi\u00e7\u00f5es solicitadas pelo consumidor e demais usu\u00e1rios sejam diferentes das selecionadas na alternativa de m\u00ednimo custo global, a distribuidora deve:<\/em><br><em>I &#8211; para unidade consumidora:<\/em><br><em>a) se houver viabilidade t\u00e9cnica para o atendimento solicitado: manter as condi\u00e7\u00f5es requeridas pelo consumidor, observado o art. 98; ou<\/em><br><em>b) se n\u00e3o houver viabilidade t\u00e9cnica para o atendimento solicitado: <strong><u>apresentar a alternativa de m\u00ednimo custo global considerando as condi\u00e7\u00f5es de defini\u00e7\u00e3o da tens\u00e3o e do ponto de conex\u00e3o do art. 23 e do art. 25<\/u><\/strong>;<\/em><\/p>\n\n\n\n<p class=\"wp-block-paragraph\">Assim, para uma UC a regra disposta na REN 1000\/2021 \u00e9 a defini\u00e7\u00e3o da alternativa de m\u00ednimo custo global para o n\u00edvel de tens\u00e3o e localiza\u00e7\u00e3o do ponto de conex\u00e3o previstos na regula\u00e7\u00e3o.<br>Observamos que a REN 1000\/2021 incorporou na reda\u00e7\u00e3o do art. 23, \u00a71\u00ba a interpreta\u00e7\u00e3o consolidada na Ag\u00eancia do art. 13, I da REN 414\/2010, com reda\u00e7\u00e3o dada pela REN ANEEL 670\/2015.<\/p>\n\n\n\n<p class=\"wp-block-paragraph\">Importante observar ainda que o aprimoramento do art. 13, I da REN 414\/2010 foi tratado pela Nota T\u00e9cnica n\u00ba 27\/2014-SRC\/ANEEL, no \u00e2mbito da Audi\u00eancia P\u00fablica n\u00ba 50\/2014, com a seguinte motiva\u00e7\u00e3o:<\/p>\n\n\n\n<p class=\"wp-block-paragraph\"><em>&#8211; Art. 13, I \u2013 deixar claro que para unidades consumidoras com carga de at\u00e9 50 kW, independentemente do tipo da carga, a distribuidora n\u00e3o deve estabelecer tens\u00e3o prim\u00e1ria para atendimento, salvo nos casos de op\u00e7\u00e3o do interessado;<\/em><em><\/em><\/p>\n\n\n\n<p class=\"wp-block-paragraph\">A contribui\u00e7\u00e3o da ABRADEE na AP n\u00ba 50\/2014 foi a seguinte:<\/p>\n\n\n\n<p class=\"wp-block-paragraph\"><img decoding=\"async\" width=\"600\" height=\"266\" class=\"wp-image-1252\" style=\"width: 600px\" src=\"https:\/\/faq.ren1000.norven.com.br\/wp-content\/uploads\/2022\/05\/Imagem1.png\" alt=\"\" srcset=\"https:\/\/faq.ren1000.norven.com.br\/wp-content\/uploads\/2022\/05\/Imagem1.png 567w, https:\/\/faq.ren1000.norven.com.br\/wp-content\/uploads\/2022\/05\/Imagem1-300x133.png 300w\" sizes=\"(max-width: 600px) 100vw, 600px\" \/><\/p>\n\n\n\n<p class=\"wp-block-paragraph\">Assim, denota-se que tanto na proposta da ANEEL como na contribui\u00e7\u00e3o da ABRADEE na AP n\u00ba 50\/2014, o objetivo era o de disciplinar o atendimento de unidades consumidoras em baixa tens\u00e3o, considerando a gratuidade prevista no art. 14 da Lei n\u00ba 10.438\/2002 para cargas de at\u00e9 50 kW.<\/p>\n\n\n\n<p class=\"wp-block-paragraph\">Sobre o Caso 1, da UC com motores, entendemos que a distribuidora, com fundamento na regula\u00e7\u00e3o da ANEEL, j\u00e1 pode exigir a instala\u00e7\u00e3o de um sistema de partida eficiente e\/ou a ado\u00e7\u00e3o de outras solu\u00e7\u00f5es t\u00e9cnicas, de modo a limitar a queda de tens\u00e3o no ponto de conex\u00e3o e minimizar\/eliminar os dist\u00farbios no sistema de distribui\u00e7\u00e3o. Eventuais obras no sistema de distribui\u00e7\u00e3o ainda ter\u00e3o o c\u00e1lculo do ERD e da participa\u00e7\u00e3o financeira.<\/p>\n\n\n\n<h4 class=\"wp-block-heading\" id=\"quem-respondeu-aneel\">Quem respondeu? <strong>ANEEL<\/strong><\/h4>\n<\/div>\n\t\t\n\t\t\t<div class='ewd-ufaq-author-date'>\n\n\tPostado\n\t\n\tem\n<span class='ewd-ufaq-date'>\n\t18\/05\/2022<\/span>\n<\/div>\n\t\t\n\t\t\t<div class='ewd-ufaq-faq-custom-fields'>\n\n\t\n<\/div>\n\t\t\n\t\t\t<div class='ewd-ufaq-faq-tags'>\n\t\n\tTags\t\n\t\n\t\tACESSO, \n\t\n\t\tOBRAS, \n\t\n\t\tTENS\u00c3O\n\t\n<\/div>\n\t\t\n\t\t\t\n\t\t\n\t\t\t\n\t\t\n\t\t\t\n\t\t\n\t\t\t\t<div id=\"respond\" class=\"comment-respond\">\n\t\t<h3 id=\"reply-title\" class=\"comment-reply-title\">Deixe um coment\u00e1rio <small><a rel=\"nofollow\" id=\"cancel-comment-reply-link\" href=\"\/index.php\/wp-json\/wp\/v2\/ufaq\/1251#respond\" style=\"display:none;\">Cancelar resposta<\/a><\/small><\/h3><form action=\"https:\/\/faq.ren1000.norven.com.br\/wp-comments-post.php\" method=\"post\" id=\"commentform\" class=\"comment-form\"><p class=\"comment-notes\"><span id=\"email-notes\">O seu endere\u00e7o de e-mail n\u00e3o ser\u00e1 publicado.<\/span> <span class=\"required-field-message\">Campos obrigat\u00f3rios s\u00e3o marcados com <span class=\"required\">*<\/span><\/span><\/p><div class=\"row\"> <div class=\"col-md-4\"> <div class=\"form-group label-floating is-empty\"> <label class=\"control-label\">Nome <span class=\"required\">*<\/span><\/label><input id=\"author\" name=\"author\" class=\"form-control\" type=\"text\" aria-required='true' \/> <span class=\"hestia-input\"><\/span> <\/div> <\/div>\n<div class=\"col-md-4\"> <div class=\"form-group label-floating is-empty\"> <label class=\"control-label\">E-mail <span class=\"required\">*<\/span><\/label><input id=\"email\" name=\"email\" class=\"form-control\" type=\"email\" aria-required='true' \/> <span class=\"hestia-input\"><\/span> <\/div> <\/div>\n<div class=\"col-md-4\"> <div class=\"form-group label-floating is-empty\"> <label class=\"control-label\">Site<\/label><input id=\"url\" name=\"url\" class=\"form-control\" type=\"url\" aria-required='true' \/> <span class=\"hestia-input\"><\/span> <\/div> <\/div> <\/div>\n<p class=\"comment-form-comment\"><label for=\"comment\">Coment\u00e1rio <span class=\"required\">*<\/span><\/label> <textarea id=\"comment\" name=\"comment\" cols=\"45\" rows=\"8\" maxlength=\"65525\" required=\"required\"><\/textarea><\/p><p class=\"comment-form-cookies-consent\"><input id=\"wp-comment-cookies-consent\" name=\"wp-comment-cookies-consent\" type=\"checkbox\" value=\"yes\" \/> <label for=\"wp-comment-cookies-consent\">Salvar meus dados neste navegador para a pr\u00f3xima vez que eu comentar.<\/label><\/p>\n<p class=\"form-submit\"><input name=\"submit\" type=\"submit\" id=\"submit\" class=\"submit\" value=\"Publicar coment\u00e1rio\" \/> <input type='hidden' name='comment_post_ID' value='1251' id='comment_post_ID' \/>\n<input type='hidden' name='comment_parent' id='comment_parent' value='0' \/>\n<\/p><\/form>\t<\/div><!-- #respond -->\n\t\n\t\t\n\t\t\t\n\t\t\n\t<\/div>\n\n<\/div>\n\t<\/div>\n\n\t\n<\/div>","protected":false},"excerpt":{"rendered":"<p>A Artigo 23 &#8211; O \u00a7 1\u00ba do art. 23 restringe a possibilidade de indica\u00e7\u00e3o de tens\u00e3o diferente \u00e0s unidades consumidoras com equipamentos potencialmente prejudiciais com carga instalada entre 50 e 75 kW. No caso de uma UC, por exemplo, com carga de 1,6 MW, inicialmente enquadrada em tens\u00e3o &lt; [&hellip;]<\/p>\n","protected":false},"author":11,"featured_media":0,"comment_status":"open","ping_status":"closed","template":"","ufaq-category":[123],"ufaq-tag":[70,119,126],"class_list":["post-1251","ufaq","type-ufaq","status-publish","hentry","ufaq-category-art-023","ufaq-tag-acesso","ufaq-tag-obras","ufaq-tag-tensao"],"yoast_head":"<!-- This site is optimized with the Yoast SEO plugin v27.5 - https:\/\/yoast.com\/product\/yoast-seo-wordpress\/ -->\n<title>Artigo 23 - O \u00a7 1\u00ba do art. 23 restringe a possibilidade de indica\u00e7\u00e3o de tens\u00e3o diferente \u00e0s unidades consumidoras com equipamentos potencialmente prejudiciais com carga instalada entre 50 e 75 kW. No caso de uma UC, por exemplo, com carga de 1,6 MW, inicialmente enquadrada em tens\u00e3o &lt; 69 kV, mas com motores cuja partida seria prejudicial para o sistema, de modo que fosse necess\u00e1rio conect\u00e1-la em tens\u00e3o \u2265 69 kV. Quais procedimentos devem ser adotados quanto \u00e0 tens\u00e3o de atendimento e c\u00e1lculo de PFC? - FAQ REN 1000<\/title>\n<meta name=\"description\" content=\"Perguntas frequentes sobre a nova REN 1000.\" \/>\n<meta name=\"robots\" content=\"index, follow, max-snippet:-1, max-image-preview:large, max-video-preview:-1\" \/>\n<link rel=\"canonical\" href=\"https:\/\/faq.ren1000.norven.com.br\/index.php\/ufaq\/168\/\" \/>\n<meta property=\"og:locale\" content=\"pt_BR\" \/>\n<meta property=\"og:type\" content=\"article\" \/>\n<meta property=\"og:title\" content=\"Artigo 23 - O \u00a7 1\u00ba do art. 23 restringe a possibilidade de indica\u00e7\u00e3o de tens\u00e3o diferente \u00e0s unidades consumidoras com equipamentos potencialmente prejudiciais com carga instalada entre 50 e 75 kW. No caso de uma UC, por exemplo, com carga de 1,6 MW, inicialmente enquadrada em tens\u00e3o &lt; 69 kV, mas com motores cuja partida seria prejudicial para o sistema, de modo que fosse necess\u00e1rio conect\u00e1-la em tens\u00e3o \u2265 69 kV. Quais procedimentos devem ser adotados quanto \u00e0 tens\u00e3o de atendimento e c\u00e1lculo de PFC? - FAQ REN 1000\" \/>\n<meta property=\"og:description\" content=\"Perguntas frequentes sobre a nova REN 1000.\" \/>\n<meta property=\"og:url\" content=\"https:\/\/faq.ren1000.norven.com.br\/index.php\/ufaq\/168\/\" \/>\n<meta property=\"og:site_name\" content=\"FAQ REN 1000\" \/>\n<meta property=\"article:modified_time\" content=\"2022-05-18T21:40:04+00:00\" \/>\n<meta property=\"og:image\" content=\"https:\/\/faq.ren1000.norven.com.br\/wp-content\/uploads\/2022\/05\/Imagem1.png\" \/>\n<meta name=\"twitter:card\" content=\"summary_large_image\" \/>\n<meta name=\"twitter:label1\" content=\"Est. tempo de leitura\" \/>\n\t<meta name=\"twitter:data1\" content=\"3 minutos\" \/>\n<script type=\"application\/ld+json\" class=\"yoast-schema-graph\">{\"@context\":\"https:\\\/\\\/schema.org\",\"@graph\":[{\"@type\":\"NewsArticle\",\"@id\":\"https:\\\/\\\/faq.ren1000.norven.com.br\\\/index.php\\\/ufaq\\\/168\\\/#article\",\"isPartOf\":{\"@id\":\"https:\\\/\\\/faq.ren1000.norven.com.br\\\/index.php\\\/ufaq\\\/168\\\/\"},\"author\":{\"name\":\"admin\",\"@id\":\"https:\\\/\\\/faq.ren1000.norven.com.br\\\/#\\\/schema\\\/person\\\/c74a0a38b4e834d0eb7825047af440d0\"},\"headline\":\"Artigo 23 &#8211; O \u00a7 1\u00ba do art. 23 restringe a possibilidade de indica\u00e7\u00e3o de tens\u00e3o diferente \u00e0s unidades consumidoras com equipamentos potencialmente prejudiciais com carga instalada entre 50 e 75 kW. No caso de uma UC, por exemplo, com carga de 1,6 MW, inicialmente enquadrada em tens\u00e3o < 69 kV, mas com motores cuja partida seria prejudicial para o sistema, de modo que fosse necess\u00e1rio conect\u00e1-la em tens\u00e3o \u2265 69 kV. Quais procedimentos devem ser adotados quanto \u00e0 tens\u00e3o de atendimento e c\u00e1lculo de PFC?\",\"datePublished\":\"2022-05-18T21:40:03+00:00\",\"dateModified\":\"2022-05-18T21:40:04+00:00\",\"mainEntityOfPage\":{\"@id\":\"https:\\\/\\\/faq.ren1000.norven.com.br\\\/index.php\\\/ufaq\\\/168\\\/\"},\"wordCount\":503,\"commentCount\":0,\"publisher\":{\"@id\":\"https:\\\/\\\/faq.ren1000.norven.com.br\\\/#organization\"},\"image\":{\"@id\":\"https:\\\/\\\/faq.ren1000.norven.com.br\\\/index.php\\\/ufaq\\\/168\\\/#primaryimage\"},\"thumbnailUrl\":\"https:\\\/\\\/faq.ren1000.norven.com.br\\\/wp-content\\\/uploads\\\/2022\\\/05\\\/Imagem1.png\",\"inLanguage\":\"pt-BR\",\"potentialAction\":[{\"@type\":\"CommentAction\",\"name\":\"Comment\",\"target\":[\"https:\\\/\\\/faq.ren1000.norven.com.br\\\/index.php\\\/ufaq\\\/168\\\/#respond\"]}]},{\"@type\":[\"WebPage\",\"FAQPage\"],\"@id\":\"https:\\\/\\\/faq.ren1000.norven.com.br\\\/index.php\\\/ufaq\\\/168\\\/\",\"url\":\"https:\\\/\\\/faq.ren1000.norven.com.br\\\/index.php\\\/ufaq\\\/168\\\/\",\"name\":\"Artigo 23 - O \u00a7 1\u00ba do art. 23 restringe a possibilidade de indica\u00e7\u00e3o de tens\u00e3o diferente \u00e0s unidades consumidoras com equipamentos potencialmente prejudiciais com carga instalada entre 50 e 75 kW. No caso de uma UC, por exemplo, com carga de 1,6 MW, inicialmente enquadrada em tens\u00e3o < 69 kV, mas com motores cuja partida seria prejudicial para o sistema, de modo que fosse necess\u00e1rio conect\u00e1-la em tens\u00e3o \u2265 69 kV. Quais procedimentos devem ser adotados quanto \u00e0 tens\u00e3o de atendimento e c\u00e1lculo de PFC? - FAQ REN 1000\",\"isPartOf\":{\"@id\":\"https:\\\/\\\/faq.ren1000.norven.com.br\\\/#website\"},\"primaryImageOfPage\":{\"@id\":\"https:\\\/\\\/faq.ren1000.norven.com.br\\\/index.php\\\/ufaq\\\/168\\\/#primaryimage\"},\"image\":{\"@id\":\"https:\\\/\\\/faq.ren1000.norven.com.br\\\/index.php\\\/ufaq\\\/168\\\/#primaryimage\"},\"thumbnailUrl\":\"https:\\\/\\\/faq.ren1000.norven.com.br\\\/wp-content\\\/uploads\\\/2022\\\/05\\\/Imagem1.png\",\"datePublished\":\"2022-05-18T21:40:03+00:00\",\"dateModified\":\"2022-05-18T21:40:04+00:00\",\"description\":\"Perguntas frequentes sobre a nova REN 1000.\",\"breadcrumb\":{\"@id\":\"https:\\\/\\\/faq.ren1000.norven.com.br\\\/index.php\\\/ufaq\\\/168\\\/#breadcrumb\"},\"inLanguage\":\"pt-BR\",\"potentialAction\":[{\"@type\":\"ReadAction\",\"target\":[\"https:\\\/\\\/faq.ren1000.norven.com.br\\\/index.php\\\/ufaq\\\/168\\\/\"]}]},{\"@type\":\"ImageObject\",\"inLanguage\":\"pt-BR\",\"@id\":\"https:\\\/\\\/faq.ren1000.norven.com.br\\\/index.php\\\/ufaq\\\/168\\\/#primaryimage\",\"url\":\"https:\\\/\\\/faq.ren1000.norven.com.br\\\/wp-content\\\/uploads\\\/2022\\\/05\\\/Imagem1.png\",\"contentUrl\":\"https:\\\/\\\/faq.ren1000.norven.com.br\\\/wp-content\\\/uploads\\\/2022\\\/05\\\/Imagem1.png\",\"width\":567,\"height\":251},{\"@type\":\"BreadcrumbList\",\"@id\":\"https:\\\/\\\/faq.ren1000.norven.com.br\\\/index.php\\\/ufaq\\\/168\\\/#breadcrumb\",\"itemListElement\":[{\"@type\":\"ListItem\",\"position\":1,\"name\":\"In\u00edcio\",\"item\":\"https:\\\/\\\/faq.ren1000.norven.com.br\\\/\"},{\"@type\":\"ListItem\",\"position\":2,\"name\":\"FAQs\",\"item\":\"https:\\\/\\\/faq.ren1000.norven.com.br\\\/index.php\\\/ufaq\\\/\"},{\"@type\":\"ListItem\",\"position\":3,\"name\":\"Artigo 23 &#8211; O \u00a7 1\u00ba do art. 23 restringe a possibilidade de indica\u00e7\u00e3o de tens\u00e3o diferente \u00e0s unidades consumidoras com equipamentos potencialmente prejudiciais com carga instalada entre 50 e 75 kW. No caso de uma UC, por exemplo, com carga de 1,6 MW, inicialmente enquadrada em tens\u00e3o < 69 kV, mas com motores cuja partida seria prejudicial para o sistema, de modo que fosse necess\u00e1rio conect\u00e1-la em tens\u00e3o \u2265 69 kV. Quais procedimentos devem ser adotados quanto \u00e0 tens\u00e3o de atendimento e c\u00e1lculo de PFC?\"}]},{\"@type\":\"WebSite\",\"@id\":\"https:\\\/\\\/faq.ren1000.norven.com.br\\\/#website\",\"url\":\"https:\\\/\\\/faq.ren1000.norven.com.br\\\/\",\"name\":\"FAQ REN 1000\",\"description\":\"Perguntas frequentes sobre a Resolu\u00e7\u00e3o Normativa ANEEL 1.000\\\/2021\",\"publisher\":{\"@id\":\"https:\\\/\\\/faq.ren1000.norven.com.br\\\/#organization\"},\"potentialAction\":[{\"@type\":\"SearchAction\",\"target\":{\"@type\":\"EntryPoint\",\"urlTemplate\":\"https:\\\/\\\/faq.ren1000.norven.com.br\\\/?s={search_term_string}\"},\"query-input\":{\"@type\":\"PropertyValueSpecification\",\"valueRequired\":true,\"valueName\":\"search_term_string\"}}],\"inLanguage\":\"pt-BR\"},{\"@type\":\"Organization\",\"@id\":\"https:\\\/\\\/faq.ren1000.norven.com.br\\\/#organization\",\"name\":\"Norven\",\"url\":\"https:\\\/\\\/faq.ren1000.norven.com.br\\\/\",\"logo\":{\"@type\":\"ImageObject\",\"inLanguage\":\"pt-BR\",\"@id\":\"https:\\\/\\\/faq.ren1000.norven.com.br\\\/#\\\/schema\\\/logo\\\/image\\\/\",\"url\":\"https:\\\/\\\/faq.ren1000.norven.com.br\\\/wp-content\\\/uploads\\\/2022\\\/02\\\/cropped-logo.png\",\"contentUrl\":\"https:\\\/\\\/faq.ren1000.norven.com.br\\\/wp-content\\\/uploads\\\/2022\\\/02\\\/cropped-logo.png\",\"width\":1821,\"height\":553,\"caption\":\"Norven\"},\"image\":{\"@id\":\"https:\\\/\\\/faq.ren1000.norven.com.br\\\/#\\\/schema\\\/logo\\\/image\\\/\"},\"sameAs\":[\"https:\\\/\\\/www.instagram.com\\\/norven_br\\\/\",\"https:\\\/\\\/br.linkedin.com\\\/company\\\/norvenbr\",\"https:\\\/\\\/www.youtube.com\\\/channel\\\/UCq_3TspPFJhJogl0ug7rmYQ\"]},{\"@type\":\"Person\",\"@id\":\"https:\\\/\\\/faq.ren1000.norven.com.br\\\/#\\\/schema\\\/person\\\/c74a0a38b4e834d0eb7825047af440d0\",\"name\":\"admin\",\"image\":{\"@type\":\"ImageObject\",\"inLanguage\":\"pt-BR\",\"@id\":\"https:\\\/\\\/secure.gravatar.com\\\/avatar\\\/4b711f7f565bf56ba05f79c45e0dc6e56560475175e0602de93c51072032f389?s=96&d=mm&r=g\",\"url\":\"https:\\\/\\\/secure.gravatar.com\\\/avatar\\\/4b711f7f565bf56ba05f79c45e0dc6e56560475175e0602de93c51072032f389?s=96&d=mm&r=g\",\"contentUrl\":\"https:\\\/\\\/secure.gravatar.com\\\/avatar\\\/4b711f7f565bf56ba05f79c45e0dc6e56560475175e0602de93c51072032f389?s=96&d=mm&r=g\",\"caption\":\"admin\"},\"url\":\"https:\\\/\\\/faq.ren1000.norven.com.br\\\/index.php\\\/author\\\/admin\\\/\"}]}<\/script>\n<!-- \/ Yoast SEO plugin. -->","yoast_head_json":{"title":"Artigo 23 - O \u00a7 1\u00ba do art. 23 restringe a possibilidade de indica\u00e7\u00e3o de tens\u00e3o diferente \u00e0s unidades consumidoras com equipamentos potencialmente prejudiciais com carga instalada entre 50 e 75 kW. No caso de uma UC, por exemplo, com carga de 1,6 MW, inicialmente enquadrada em tens\u00e3o < 69 kV, mas com motores cuja partida seria prejudicial para o sistema, de modo que fosse necess\u00e1rio conect\u00e1-la em tens\u00e3o \u2265 69 kV. Quais procedimentos devem ser adotados quanto \u00e0 tens\u00e3o de atendimento e c\u00e1lculo de PFC? - FAQ REN 1000","description":"Perguntas frequentes sobre a nova REN 1000.","robots":{"index":"index","follow":"follow","max-snippet":"max-snippet:-1","max-image-preview":"max-image-preview:large","max-video-preview":"max-video-preview:-1"},"canonical":"https:\/\/faq.ren1000.norven.com.br\/index.php\/ufaq\/168\/","og_locale":"pt_BR","og_type":"article","og_title":"Artigo 23 - O \u00a7 1\u00ba do art. 23 restringe a possibilidade de indica\u00e7\u00e3o de tens\u00e3o diferente \u00e0s unidades consumidoras com equipamentos potencialmente prejudiciais com carga instalada entre 50 e 75 kW. No caso de uma UC, por exemplo, com carga de 1,6 MW, inicialmente enquadrada em tens\u00e3o < 69 kV, mas com motores cuja partida seria prejudicial para o sistema, de modo que fosse necess\u00e1rio conect\u00e1-la em tens\u00e3o \u2265 69 kV. Quais procedimentos devem ser adotados quanto \u00e0 tens\u00e3o de atendimento e c\u00e1lculo de PFC? - FAQ REN 1000","og_description":"Perguntas frequentes sobre a nova REN 1000.","og_url":"https:\/\/faq.ren1000.norven.com.br\/index.php\/ufaq\/168\/","og_site_name":"FAQ REN 1000","article_modified_time":"2022-05-18T21:40:04+00:00","og_image":[{"url":"https:\/\/faq.ren1000.norven.com.br\/wp-content\/uploads\/2022\/05\/Imagem1.png","type":"","width":"","height":""}],"twitter_card":"summary_large_image","twitter_misc":{"Est. tempo de leitura":"3 minutos"},"schema":{"@context":"https:\/\/schema.org","@graph":[{"@type":"NewsArticle","@id":"https:\/\/faq.ren1000.norven.com.br\/index.php\/ufaq\/168\/#article","isPartOf":{"@id":"https:\/\/faq.ren1000.norven.com.br\/index.php\/ufaq\/168\/"},"author":{"name":"admin","@id":"https:\/\/faq.ren1000.norven.com.br\/#\/schema\/person\/c74a0a38b4e834d0eb7825047af440d0"},"headline":"Artigo 23 &#8211; O \u00a7 1\u00ba do art. 23 restringe a possibilidade de indica\u00e7\u00e3o de tens\u00e3o diferente \u00e0s unidades consumidoras com equipamentos potencialmente prejudiciais com carga instalada entre 50 e 75 kW. No caso de uma UC, por exemplo, com carga de 1,6 MW, inicialmente enquadrada em tens\u00e3o < 69 kV, mas com motores cuja partida seria prejudicial para o sistema, de modo que fosse necess\u00e1rio conect\u00e1-la em tens\u00e3o \u2265 69 kV. Quais procedimentos devem ser adotados quanto \u00e0 tens\u00e3o de atendimento e c\u00e1lculo de PFC?","datePublished":"2022-05-18T21:40:03+00:00","dateModified":"2022-05-18T21:40:04+00:00","mainEntityOfPage":{"@id":"https:\/\/faq.ren1000.norven.com.br\/index.php\/ufaq\/168\/"},"wordCount":503,"commentCount":0,"publisher":{"@id":"https:\/\/faq.ren1000.norven.com.br\/#organization"},"image":{"@id":"https:\/\/faq.ren1000.norven.com.br\/index.php\/ufaq\/168\/#primaryimage"},"thumbnailUrl":"https:\/\/faq.ren1000.norven.com.br\/wp-content\/uploads\/2022\/05\/Imagem1.png","inLanguage":"pt-BR","potentialAction":[{"@type":"CommentAction","name":"Comment","target":["https:\/\/faq.ren1000.norven.com.br\/index.php\/ufaq\/168\/#respond"]}]},{"@type":["WebPage","FAQPage"],"@id":"https:\/\/faq.ren1000.norven.com.br\/index.php\/ufaq\/168\/","url":"https:\/\/faq.ren1000.norven.com.br\/index.php\/ufaq\/168\/","name":"Artigo 23 - O \u00a7 1\u00ba do art. 23 restringe a possibilidade de indica\u00e7\u00e3o de tens\u00e3o diferente \u00e0s unidades consumidoras com equipamentos potencialmente prejudiciais com carga instalada entre 50 e 75 kW. No caso de uma UC, por exemplo, com carga de 1,6 MW, inicialmente enquadrada em tens\u00e3o < 69 kV, mas com motores cuja partida seria prejudicial para o sistema, de modo que fosse necess\u00e1rio conect\u00e1-la em tens\u00e3o \u2265 69 kV. Quais procedimentos devem ser adotados quanto \u00e0 tens\u00e3o de atendimento e c\u00e1lculo de PFC? - FAQ REN 1000","isPartOf":{"@id":"https:\/\/faq.ren1000.norven.com.br\/#website"},"primaryImageOfPage":{"@id":"https:\/\/faq.ren1000.norven.com.br\/index.php\/ufaq\/168\/#primaryimage"},"image":{"@id":"https:\/\/faq.ren1000.norven.com.br\/index.php\/ufaq\/168\/#primaryimage"},"thumbnailUrl":"https:\/\/faq.ren1000.norven.com.br\/wp-content\/uploads\/2022\/05\/Imagem1.png","datePublished":"2022-05-18T21:40:03+00:00","dateModified":"2022-05-18T21:40:04+00:00","description":"Perguntas frequentes sobre a nova REN 1000.","breadcrumb":{"@id":"https:\/\/faq.ren1000.norven.com.br\/index.php\/ufaq\/168\/#breadcrumb"},"inLanguage":"pt-BR","potentialAction":[{"@type":"ReadAction","target":["https:\/\/faq.ren1000.norven.com.br\/index.php\/ufaq\/168\/"]}]},{"@type":"ImageObject","inLanguage":"pt-BR","@id":"https:\/\/faq.ren1000.norven.com.br\/index.php\/ufaq\/168\/#primaryimage","url":"https:\/\/faq.ren1000.norven.com.br\/wp-content\/uploads\/2022\/05\/Imagem1.png","contentUrl":"https:\/\/faq.ren1000.norven.com.br\/wp-content\/uploads\/2022\/05\/Imagem1.png","width":567,"height":251},{"@type":"BreadcrumbList","@id":"https:\/\/faq.ren1000.norven.com.br\/index.php\/ufaq\/168\/#breadcrumb","itemListElement":[{"@type":"ListItem","position":1,"name":"In\u00edcio","item":"https:\/\/faq.ren1000.norven.com.br\/"},{"@type":"ListItem","position":2,"name":"FAQs","item":"https:\/\/faq.ren1000.norven.com.br\/index.php\/ufaq\/"},{"@type":"ListItem","position":3,"name":"Artigo 23 &#8211; O \u00a7 1\u00ba do art. 23 restringe a possibilidade de indica\u00e7\u00e3o de tens\u00e3o diferente \u00e0s unidades consumidoras com equipamentos potencialmente prejudiciais com carga instalada entre 50 e 75 kW. No caso de uma UC, por exemplo, com carga de 1,6 MW, inicialmente enquadrada em tens\u00e3o < 69 kV, mas com motores cuja partida seria prejudicial para o sistema, de modo que fosse necess\u00e1rio conect\u00e1-la em tens\u00e3o \u2265 69 kV. Quais procedimentos devem ser adotados quanto \u00e0 tens\u00e3o de atendimento e c\u00e1lculo de PFC?"}]},{"@type":"WebSite","@id":"https:\/\/faq.ren1000.norven.com.br\/#website","url":"https:\/\/faq.ren1000.norven.com.br\/","name":"FAQ REN 1000","description":"Perguntas frequentes sobre a Resolu\u00e7\u00e3o Normativa ANEEL 1.000\/2021","publisher":{"@id":"https:\/\/faq.ren1000.norven.com.br\/#organization"},"potentialAction":[{"@type":"SearchAction","target":{"@type":"EntryPoint","urlTemplate":"https:\/\/faq.ren1000.norven.com.br\/?s={search_term_string}"},"query-input":{"@type":"PropertyValueSpecification","valueRequired":true,"valueName":"search_term_string"}}],"inLanguage":"pt-BR"},{"@type":"Organization","@id":"https:\/\/faq.ren1000.norven.com.br\/#organization","name":"Norven","url":"https:\/\/faq.ren1000.norven.com.br\/","logo":{"@type":"ImageObject","inLanguage":"pt-BR","@id":"https:\/\/faq.ren1000.norven.com.br\/#\/schema\/logo\/image\/","url":"https:\/\/faq.ren1000.norven.com.br\/wp-content\/uploads\/2022\/02\/cropped-logo.png","contentUrl":"https:\/\/faq.ren1000.norven.com.br\/wp-content\/uploads\/2022\/02\/cropped-logo.png","width":1821,"height":553,"caption":"Norven"},"image":{"@id":"https:\/\/faq.ren1000.norven.com.br\/#\/schema\/logo\/image\/"},"sameAs":["https:\/\/www.instagram.com\/norven_br\/","https:\/\/br.linkedin.com\/company\/norvenbr","https:\/\/www.youtube.com\/channel\/UCq_3TspPFJhJogl0ug7rmYQ"]},{"@type":"Person","@id":"https:\/\/faq.ren1000.norven.com.br\/#\/schema\/person\/c74a0a38b4e834d0eb7825047af440d0","name":"admin","image":{"@type":"ImageObject","inLanguage":"pt-BR","@id":"https:\/\/secure.gravatar.com\/avatar\/4b711f7f565bf56ba05f79c45e0dc6e56560475175e0602de93c51072032f389?s=96&d=mm&r=g","url":"https:\/\/secure.gravatar.com\/avatar\/4b711f7f565bf56ba05f79c45e0dc6e56560475175e0602de93c51072032f389?s=96&d=mm&r=g","contentUrl":"https:\/\/secure.gravatar.com\/avatar\/4b711f7f565bf56ba05f79c45e0dc6e56560475175e0602de93c51072032f389?s=96&d=mm&r=g","caption":"admin"},"url":"https:\/\/faq.ren1000.norven.com.br\/index.php\/author\/admin\/"}]}},"_links":{"self":[{"href":"https:\/\/faq.ren1000.norven.com.br\/index.php\/wp-json\/wp\/v2\/ufaq\/1251","targetHints":{"allow":["GET"]}}],"collection":[{"href":"https:\/\/faq.ren1000.norven.com.br\/index.php\/wp-json\/wp\/v2\/ufaq"}],"about":[{"href":"https:\/\/faq.ren1000.norven.com.br\/index.php\/wp-json\/wp\/v2\/types\/ufaq"}],"author":[{"embeddable":true,"href":"https:\/\/faq.ren1000.norven.com.br\/index.php\/wp-json\/wp\/v2\/users\/11"}],"replies":[{"embeddable":true,"href":"https:\/\/faq.ren1000.norven.com.br\/index.php\/wp-json\/wp\/v2\/comments?post=1251"}],"wp:attachment":[{"href":"https:\/\/faq.ren1000.norven.com.br\/index.php\/wp-json\/wp\/v2\/media?parent=1251"}],"wp:term":[{"taxonomy":"ufaq-category","embeddable":true,"href":"https:\/\/faq.ren1000.norven.com.br\/index.php\/wp-json\/wp\/v2\/ufaq-category?post=1251"},{"taxonomy":"ufaq-tag","embeddable":true,"href":"https:\/\/faq.ren1000.norven.com.br\/index.php\/wp-json\/wp\/v2\/ufaq-tag?post=1251"}],"curies":[{"name":"wp","href":"https:\/\/api.w.org\/{rel}","templated":true}]}}